{"id":1251,"date":"2024-05-18T12:40:13","date_gmt":"2024-05-18T10:40:13","guid":{"rendered":"https:\/\/www.emkap1926.com\/?post_type=product&#038;p=1251"},"modified":"2026-08-12T18:38:11","modified_gmt":"2026-08-12T16:38:11","slug":"koldra-puchowa-premium-155x200-cm-na-lato-batystowa-100-puchu-gesiego-kolekcja-1926","status":"publish","type":"product","link":"https:\/\/www.emkap1926.com\/en\/product-2\/koldra-puchowa-premium-155x200-cm-na-lato-batystowa-100-puchu-gesiego-kolekcja-1926\/","title":{"rendered":"Ko\u0142dra puchowa ultralekka 155x200 cm na lato, batystowa, 100% puchu g\u0119siego - LINIA \"1926\""},"content":{"rendered":"<p class=\"translation-block\">\u015anie\u017cnobia\u0142a ekskluzywna ko\u0142dra puchowa na lato w rozmiarze 160 x 200 cm uszyta r\u0119cznie w Polsce z najwi\u0119ksz\u0105 staranno\u015bci\u0105. Ko\u0142dr\u0119 wype\u0142nia <strong>100% najlepszego dost\u0119pnego w Polsce bia\u0142ego puchu z wielkopolskich g\u0119si o wyj\u0105tkowej czysto\u015bci i spr\u0119\u017cysto\u015bci (800 CUIN)<\/strong>. Najwy\u017cszej jako\u015bci polski puch g\u0119si otula przyjemna dla zmys\u0142\u00f3w, mi\u0119kka i przewiewna tkanina batystowa. Ko\u0142dra z puchu g\u0119siego w rozmiarze 160x200 jest rozmiarem wybieranym najcz\u0119\u015bciej przez Klient\u00f3w, poniewa\u017c pasuje do wi\u0119kszo\u015bci \u0142\u00f3\u017cek a wyb\u00f3r poszewek w tym rozmiarze jest najwi\u0119kszy. Jest cz\u0119sto wybierana jako jedna z dw\u00f3ch niezale\u017cnych ko\u0142der na \u0142\u00f3\u017cku ma\u0142\u017ce\u0144skim. Doskonale otuli te\u017c u\u017cytkownik\u00f3w pojedynczych \u0142\u00f3\u017cek.<\/p>\n<p>Kasetowa konstrukcja w po\u0142\u0105czeniu z pracoch\u0142onnymi przedwojennymi technikami szycia zapewnia jej wyj\u0105tkow\u0105 trwa\u0142o\u015b\u0107 i niezawodno\u015b\u0107 na d\u0142ugie lata.<\/p>\n<p class=\"translation-block\">T\u0119 puchow\u0105 ko\u0142dr\u0119 na lato dostarczamy w <strong>wielorazowej bawe\u0142nianej torbie-walizce, kt\u00f3ra pozwala przechowywa\u0107 ko\u0142dry i poduszki w idealnych dla puchu warunkach<\/strong>. Sprawdzi si\u0119 r\u00f3wnie\u017c doskonale jako opakowanie na prezent. Pokrowce zaprojektowali\u015bmy tak, by ko\u0142dry i poduszki oddycha\u0142y i zajmowa\u0142y jak najmniej miejsca. Zar\u00f3wno nasze produkty i opakowania nie zawieraj\u0105 grama plastiku.<\/p>\n<p><strong>Czas realizacji zam\u00f3wienia:<\/strong> Nie mamy d\u0142ugich linii produkcyjnych. Szyjemy dla naszych klient\u00f3w, wykonujemy nasze puchowe ko\u0142dry i poduszki pod konkretne zam\u00f3wienia. 7 dni roboczych od momentu z\u0142o\u017cenia zam\u00f3wienia to maksymalny czas na jego realizacj\u0119, ale zawsze staramy si\u0119, aby\u015bcie otrzymali swoje zam\u00f3wienie wcze\u015bniej.<\/p>\n<p><strong>DANE TECHNICZNE<\/strong><\/p>\n<hr \/>\n<p><strong>Klasa cieplna:<\/strong> l\u017cejsza \"Wiosna-Lato\"<\/p>\n<p><span lang=\"PL\"><strong>Tkanina:<\/strong> szlachetna puchoszczelna tkanina batystowa, 100% bawe\u0142na, o parametrach splotu nitki NM 190\/190\u2028 na cm2<\/span>, z certyfikatem OEKO-TEX\u00ae Standard 100<\/p>\n<p class=\"Standard translation-block\"><span lang=\"PL\"><strong>Wype\u0142nienie:<\/strong> najwy\u017cszej jako\u015bci 100% bia\u0142ego puchu z wielkopolskich g\u0119si z ekologicznych hodowli o spr\u0119\u017cysto\u015bci 800 CUIN.&nbsp;<\/span><\/p>\n<p class=\"Standard\"><strong><span lang=\"PL\">Waga wype\u0142nienia:<\/span><\/strong><span lang=\"PL\"> 400 g<\/span><\/p>\n<p class=\"Standard translation-block\"><strong><span style=\"color: #3d3d3d;\"><span style=\"font-family: EB Garamond, serif;\"><span style=\"font-size: large;\"><span lang=\"pl-PL\">Konstrukcja:&nbsp;<\/span><\/span><\/span><\/span><\/strong><span style=\"color: #3d3d3d;\"><span style=\"font-family: EB Garamond, serif;\"><span style=\"font-size: large;\"><span lang=\"pl-PL\">kasetowa z wszyt\u0105 bawe\u0142nian\u0105 ta\u015bm\u0105 uszczelniaj\u0105c\u0105 i wzmacniaj\u0105c\u0105 szew.&nbsp;Na brzegach ko\u0142dra zszyta jest podw\u00f3jnym \u015bciegiem i wyko\u0144czona dekoracyjn\u0105 naturaln\u0105 ta\u015bm\u0105 o szeroko\u015bci 12mm, tzw. biz\u0105, kt\u00f3ra dodatkowo spe\u0142nia tak\u017ce funkcj\u0119 uszczelniaj\u0105ce<\/span><\/span><\/span><\/span><\/p>\n<p class=\"Standard\"><span lang=\"PL\"><strong>Opakowanie:\u00a0<\/strong>Ko\u0142dr\u0119\u00a0dostarczamy w wielorazowej bawe\u0142nianej torbie-walizce, kt\u00f3ra pozwala przechowywa\u0107 ko\u0142dry i poduszki w idealnych dla puchu warunkach. Sprawdzi si\u0119 r\u00f3wnie\u017c doskonale jako opakowanie na prezent.\u00a0 Pokrowce zaprojektowali\u015bmy tak, by ko\u0142dry i poduszki oddycha\u0142y i zajmowa\u0142y jak najmniej miejsca. Zar\u00f3wno nasze produkty i opakowania nie zawieraj\u0105 grama plastiku.<\/span><\/p>\n<p class=\"Standard\"><span lang=\"PL\"><strong>Kolor:<\/strong>\u00a0\u015bnie\u017cnobia\u0142y<\/span><\/p>\n<p class=\"translation-block\"><strong>Czas realizacji zam\u00f3wienia<\/strong>:&nbsp;Nie mamy d\u0142ugich linii produkcyjnych.&nbsp;Szyjemy dla naszych klient\u00f3w, wykonujemy nasze puchowe ko\u0142dry i poduszki pod konkretne zam\u00f3wienia. 7 dni roboczych od momentu z\u0142o\u017cenia zam\u00f3wienia to maksymalny czas na jego realizacj\u0119, ale zawsze staramy si\u0119, aby\u015bcie otrzymali swoje zam\u00f3wienie wcze\u015bniej.<\/p>\n<p><strong>WI\u0118CEJ INFORMACJI<\/strong><\/p>\n<hr \/>\n<p>Po wi\u0119cej informacji dotycz\u0105cych rodzaju i pochodzenia puchu, tkaniny, w\u0142a\u015bciwo\u015bci termoregulacyjnych ko\u0142dry, mo\u017cliwo\u015bci zam\u00f3wienia ko\u0142dry pod wymiar zapraszamy na podstron\u0119: <a href=\"https:\/\/www.emkap1926.com\/en\/product-2\/kolekcja-1926-koldra-puchowa-100-premium-batystowa-wiosna-lato\/?wmc-currency=GBP\">LINK<\/a><\/p>","protected":false},"excerpt":{"rendered":"<p>Od 100 lat szyjemy r\u0119cznie naturalne puchowe ko\u0142dry z najlepszego polskiego 100% puchu. Uszyte solidnie puchowe ko\u0142dry pos\u0142u\u017c\u0105 Ci ca\u0142e \u017cycie. Dla naszych klient\u00f3w oferujemy odp\u0142atn\u0105 us\u0142ug\u0119 regeneracji ko\u0142der po wielu latach u\u017cytkowania.<\/p>","protected":false},"featured_media":298,"comment_status":"open","ping_status":"closed","template":"","meta":{"_acf_changed":false,"_members_access_role":[],"_members_access_error":""},"product_brand":[],"product_cat":[43],"product_tag":[95],"class_list":["post-1251","product","type-product","status-publish","has-post-thumbnail","product_cat-koldry-puchowe","product_tag-155x200","first","instock","shipping-taxable","purchasable","product-type-simple"],"acf":[],"yoast_head":"<!-- This site is optimized with the Yoast SEO Premium plugin v18.2.1 (Yoast SEO v28.1) - https:\/\/yoast.com\/product\/yoast-seo-premium-wordpress\/ -->\n<title>Ko\u0142dra puchowa ultralekka 155x200 cm na lato, batystowa, 100% puchu g\u0119siego - LINIA &quot;1926&quot; - Emkap1926<\/title>\n<meta name=\"robots\" content=\"index, follow, max-snippet:-1, max-image-preview:large, max-video-preview:-1\" \/>\n<link rel=\"canonical\" href=\"https:\/\/www.emkap1926.com\/en\/product-2\/koldra-puchowa-premium-155x200-cm-na-lato-batystowa-100-puchu-gesiego-kolekcja-1926\/?wmc-currency=GBP\" \/>\n<meta property=\"og:locale\" content=\"en_US\" \/>\n<meta property=\"og:type\" content=\"article\" \/>\n<meta property=\"og:title\" content=\"Ko\u0142dra puchowa ultralekka 155x200 cm na lato, batystowa, 100% puchu g\u0119siego - LINIA &quot;1926&quot;\" \/>\n<meta property=\"og:description\" content=\"Od 100 lat szyjemy r\u0119cznie naturalne puchowe ko\u0142dry z najlepszego polskiego 100% puchu. Uszyte solidnie puchowe ko\u0142dry pos\u0142u\u017c\u0105 Ci ca\u0142e \u017cycie. Dla naszych klient\u00f3w oferujemy odp\u0142atn\u0105 us\u0142ug\u0119 regeneracji ko\u0142der po wielu latach u\u017cytkowania.\" \/>\n<meta property=\"og:url\" content=\"https:\/\/www.emkap1926.com\/en\/product-2\/koldra-puchowa-premium-155x200-cm-na-lato-batystowa-100-puchu-gesiego-kolekcja-1926\/?wmc-currency=GBP\" \/>\n<meta property=\"og:site_name\" content=\"Emkap1926\" \/>\n<meta property=\"article:publisher\" content=\"https:\/\/www.facebook.com\/emkap1926\" \/>\n<meta property=\"article:modified_time\" content=\"2026-08-12T16:38:11+00:00\" \/>\n<meta property=\"og:image\" content=\"https:\/\/www.emkap1926.com\/wp-content\/uploads\/2022\/06\/Emkap_sznur_1000x1000_1.png\" \/>\n\t<meta property=\"og:image:width\" content=\"1000\" \/>\n\t<meta property=\"og:image:height\" content=\"1000\" \/>\n\t<meta property=\"og:image:type\" content=\"image\/png\" \/>\n<meta name=\"twitter:card\" content=\"summary_large_image\" \/>\n<meta name=\"twitter:label1\" content=\"Est. reading time\" \/>\n\t<meta name=\"twitter:data1\" content=\"3 minutes\" \/>\n<script type=\"application\/ld+json\" class=\"yoast-schema-graph\">{\"@context\":\"https:\\\/\\\/schema.org\",\"@graph\":[{\"@type\":\"WebPage\",\"@id\":\"https:\\\/\\\/www.emkap1926.com\\\/produkt\\\/koldra-puchowa-premium-155x200-cm-na-lato-batystowa-100-puchu-gesiego-kolekcja-1926\\\/\",\"url\":\"https:\\\/\\\/www.emkap1926.com\\\/produkt\\\/koldra-puchowa-premium-155x200-cm-na-lato-batystowa-100-puchu-gesiego-kolekcja-1926\\\/\",\"name\":\"Ko\u0142dra puchowa ultralekka 155x200 cm na lato, batystowa, 100% puchu g\u0119siego - LINIA \\\"1926\\\" - Emkap1926\",\"isPartOf\":{\"@id\":\"https:\\\/\\\/www.emkap1926.com\\\/#website\"},\"primaryImageOfPage\":{\"@id\":\"https:\\\/\\\/www.emkap1926.com\\\/produkt\\\/koldra-puchowa-premium-155x200-cm-na-lato-batystowa-100-puchu-gesiego-kolekcja-1926\\\/#primaryimage\"},\"image\":{\"@id\":\"https:\\\/\\\/www.emkap1926.com\\\/produkt\\\/koldra-puchowa-premium-155x200-cm-na-lato-batystowa-100-puchu-gesiego-kolekcja-1926\\\/#primaryimage\"},\"thumbnailUrl\":\"https:\\\/\\\/www.emkap1926.com\\\/wp-content\\\/uploads\\\/2022\\\/06\\\/Emkap_sznur_1000x1000_1.png\",\"datePublished\":\"2024-05-18T10:40:13+00:00\",\"dateModified\":\"2026-08-12T16:38:11+00:00\",\"breadcrumb\":{\"@id\":\"https:\\\/\\\/www.emkap1926.com\\\/produkt\\\/koldra-puchowa-premium-155x200-cm-na-lato-batystowa-100-puchu-gesiego-kolekcja-1926\\\/#breadcrumb\"},\"inLanguage\":\"en-UK\",\"potentialAction\":[{\"@type\":\"ReadAction\",\"target\":[\"https:\\\/\\\/www.emkap1926.com\\\/produkt\\\/koldra-puchowa-premium-155x200-cm-na-lato-batystowa-100-puchu-gesiego-kolekcja-1926\\\/\"]}]},{\"@type\":\"ImageObject\",\"inLanguage\":\"en-UK\",\"@id\":\"https:\\\/\\\/www.emkap1926.com\\\/produkt\\\/koldra-puchowa-premium-155x200-cm-na-lato-batystowa-100-puchu-gesiego-kolekcja-1926\\\/#primaryimage\",\"url\":\"https:\\\/\\\/www.emkap1926.com\\\/wp-content\\\/uploads\\\/2022\\\/06\\\/Emkap_sznur_1000x1000_1.png\",\"contentUrl\":\"https:\\\/\\\/www.emkap1926.com\\\/wp-content\\\/uploads\\\/2022\\\/06\\\/Emkap_sznur_1000x1000_1.png\",\"width\":1000,\"height\":1000},{\"@type\":\"BreadcrumbList\",\"@id\":\"https:\\\/\\\/www.emkap1926.com\\\/produkt\\\/koldra-puchowa-premium-155x200-cm-na-lato-batystowa-100-puchu-gesiego-kolekcja-1926\\\/#breadcrumb\",\"itemListElement\":[{\"@type\":\"ListItem\",\"position\":1,\"name\":\"Strona g\u0142\u00f3wna\",\"item\":\"https:\\\/\\\/www.emkap1926.com\\\/\"},{\"@type\":\"ListItem\",\"position\":2,\"name\":\"Prywatne: Produkty test\",\"item\":\"https:\\\/\\\/www.emkap1926.com\\\/produkty-test\\\/\"},{\"@type\":\"ListItem\",\"position\":3,\"name\":\"Ko\u0142dra puchowa ultralekka 155x200 cm na lato, batystowa, 100% puchu g\u0119siego - LINIA \\\"1926\\\"\"}]},{\"@type\":\"WebSite\",\"@id\":\"https:\\\/\\\/www.emkap1926.com\\\/#website\",\"url\":\"https:\\\/\\\/www.emkap1926.com\\\/\",\"name\":\"Emkap1926\",\"description\":\"Najlepsze r\u0119cznie szyte ko\u0142dry puchowe\",\"publisher\":{\"@id\":\"https:\\\/\\\/www.emkap1926.com\\\/#organization\"},\"potentialAction\":[{\"@type\":\"SearchAction\",\"target\":{\"@type\":\"EntryPoint\",\"urlTemplate\":\"https:\\\/\\\/www.emkap1926.com\\\/?s={search_term_string}\"},\"query-input\":{\"@type\":\"PropertyValueSpecification\",\"valueRequired\":true,\"valueName\":\"search_term_string\"}}],\"inLanguage\":\"en-UK\"},{\"@type\":\"Organization\",\"@id\":\"https:\\\/\\\/www.emkap1926.com\\\/#organization\",\"name\":\"Emkap1926\",\"url\":\"https:\\\/\\\/www.emkap1926.com\\\/\",\"logo\":{\"@type\":\"ImageObject\",\"inLanguage\":\"en-UK\",\"@id\":\"https:\\\/\\\/www.emkap1926.com\\\/#\\\/schema\\\/logo\\\/image\\\/\",\"url\":\"https:\\\/\\\/www.emkap1926.com\\\/wp-content\\\/uploads\\\/2022\\\/06\\\/logo-e1660324865374.jpg\",\"contentUrl\":\"https:\\\/\\\/www.emkap1926.com\\\/wp-content\\\/uploads\\\/2022\\\/06\\\/logo-e1660324865374.jpg\",\"width\":500,\"height\":328,\"caption\":\"Emkap1926\"},\"image\":{\"@id\":\"https:\\\/\\\/www.emkap1926.com\\\/#\\\/schema\\\/logo\\\/image\\\/\"},\"sameAs\":[\"https:\\\/\\\/www.facebook.com\\\/emkap1926\",\"https:\\\/\\\/www.instagram.com\\\/emkap1926\\\/\"]}]}<\/script>\n<!-- \/ Yoast SEO Premium plugin. -->","yoast_head_json":{"title":"Ko\u0142dra puchowa ultralekka 155x200 cm na lato, batystowa, 100% puchu g\u0119siego - LINIA \"1926\" - Emkap1926","robots":{"index":"index","follow":"follow","max-snippet":"max-snippet:-1","max-image-preview":"max-image-preview:large","max-video-preview":"max-video-preview:-1"},"canonical":"https:\/\/www.emkap1926.com\/en\/product-2\/koldra-puchowa-premium-155x200-cm-na-lato-batystowa-100-puchu-gesiego-kolekcja-1926\/?wmc-currency=GBP","og_locale":"en_US","og_type":"article","og_title":"Ko\u0142dra puchowa ultralekka 155x200 cm na lato, batystowa, 100% puchu g\u0119siego - LINIA \"1926\"","og_description":"Od 100 lat szyjemy r\u0119cznie naturalne puchowe ko\u0142dry z najlepszego polskiego 100% puchu. Uszyte solidnie puchowe ko\u0142dry pos\u0142u\u017c\u0105 Ci ca\u0142e \u017cycie. Dla naszych klient\u00f3w oferujemy odp\u0142atn\u0105 us\u0142ug\u0119 regeneracji ko\u0142der po wielu latach u\u017cytkowania.","og_url":"https:\/\/www.emkap1926.com\/en\/product-2\/koldra-puchowa-premium-155x200-cm-na-lato-batystowa-100-puchu-gesiego-kolekcja-1926\/?wmc-currency=GBP","og_site_name":"Emkap1926","article_publisher":"https:\/\/www.facebook.com\/emkap1926","article_modified_time":"2026-08-12T16:38:11+00:00","og_image":[{"width":1000,"height":1000,"url":"https:\/\/www.emkap1926.com\/wp-content\/uploads\/2022\/06\/Emkap_sznur_1000x1000_1.png","type":"image\/png"}],"twitter_card":"summary_large_image","twitter_misc":{"Est. reading time":"3 minutes"},"schema":{"@context":"https:\/\/schema.org","@graph":[{"@type":"WebPage","@id":"https:\/\/www.emkap1926.com\/produkt\/koldra-puchowa-premium-155x200-cm-na-lato-batystowa-100-puchu-gesiego-kolekcja-1926\/","url":"https:\/\/www.emkap1926.com\/produkt\/koldra-puchowa-premium-155x200-cm-na-lato-batystowa-100-puchu-gesiego-kolekcja-1926\/","name":"Ko\u0142dra puchowa ultralekka 155x200 cm na lato, batystowa, 100% puchu g\u0119siego - LINIA \"1926\" - Emkap1926","isPartOf":{"@id":"https:\/\/www.emkap1926.com\/#website"},"primaryImageOfPage":{"@id":"https:\/\/www.emkap1926.com\/produkt\/koldra-puchowa-premium-155x200-cm-na-lato-batystowa-100-puchu-gesiego-kolekcja-1926\/#primaryimage"},"image":{"@id":"https:\/\/www.emkap1926.com\/produkt\/koldra-puchowa-premium-155x200-cm-na-lato-batystowa-100-puchu-gesiego-kolekcja-1926\/#primaryimage"},"thumbnailUrl":"https:\/\/www.emkap1926.com\/wp-content\/uploads\/2022\/06\/Emkap_sznur_1000x1000_1.png","datePublished":"2024-05-18T10:40:13+00:00","dateModified":"2026-08-12T16:38:11+00:00","breadcrumb":{"@id":"https:\/\/www.emkap1926.com\/produkt\/koldra-puchowa-premium-155x200-cm-na-lato-batystowa-100-puchu-gesiego-kolekcja-1926\/#breadcrumb"},"inLanguage":"en-UK","potentialAction":[{"@type":"ReadAction","target":["https:\/\/www.emkap1926.com\/produkt\/koldra-puchowa-premium-155x200-cm-na-lato-batystowa-100-puchu-gesiego-kolekcja-1926\/"]}]},{"@type":"ImageObject","inLanguage":"en-UK","@id":"https:\/\/www.emkap1926.com\/produkt\/koldra-puchowa-premium-155x200-cm-na-lato-batystowa-100-puchu-gesiego-kolekcja-1926\/#primaryimage","url":"https:\/\/www.emkap1926.com\/wp-content\/uploads\/2022\/06\/Emkap_sznur_1000x1000_1.png","contentUrl":"https:\/\/www.emkap1926.com\/wp-content\/uploads\/2022\/06\/Emkap_sznur_1000x1000_1.png","width":1000,"height":1000},{"@type":"BreadcrumbList","@id":"https:\/\/www.emkap1926.com\/produkt\/koldra-puchowa-premium-155x200-cm-na-lato-batystowa-100-puchu-gesiego-kolekcja-1926\/#breadcrumb","itemListElement":[{"@type":"ListItem","position":1,"name":"Strona g\u0142\u00f3wna","item":"https:\/\/www.emkap1926.com\/"},{"@type":"ListItem","position":2,"name":"Prywatne: Produkty test","item":"https:\/\/www.emkap1926.com\/produkty-test\/"},{"@type":"ListItem","position":3,"name":"Ko\u0142dra puchowa ultralekka 155x200 cm na lato, batystowa, 100% puchu g\u0119siego - LINIA \"1926\""}]},{"@type":"WebSite","@id":"https:\/\/www.emkap1926.com\/#website","url":"https:\/\/www.emkap1926.com\/","name":"Emkap1926","description":"Najlepsze r\u0119cznie szyte ko\u0142dry puchowe","publisher":{"@id":"https:\/\/www.emkap1926.com\/#organization"},"potentialAction":[{"@type":"SearchAction","target":{"@type":"EntryPoint","urlTemplate":"https:\/\/www.emkap1926.com\/?s={search_term_string}"},"query-input":{"@type":"PropertyValueSpecification","valueRequired":true,"valueName":"search_term_string"}}],"inLanguage":"en-UK"},{"@type":"Organization","@id":"https:\/\/www.emkap1926.com\/#organization","name":"Emkap1926","url":"https:\/\/www.emkap1926.com\/","logo":{"@type":"ImageObject","inLanguage":"en-UK","@id":"https:\/\/www.emkap1926.com\/#\/schema\/logo\/image\/","url":"https:\/\/www.emkap1926.com\/wp-content\/uploads\/2022\/06\/logo-e1660324865374.jpg","contentUrl":"https:\/\/www.emkap1926.com\/wp-content\/uploads\/2022\/06\/logo-e1660324865374.jpg","width":500,"height":328,"caption":"Emkap1926"},"image":{"@id":"https:\/\/www.emkap1926.com\/#\/schema\/logo\/image\/"},"sameAs":["https:\/\/www.facebook.com\/emkap1926","https:\/\/www.instagram.com\/emkap1926\/"]}]}},"_links":{"self":[{"href":"https:\/\/www.emkap1926.com\/en\/wp-json\/wp\/v2\/product\/1251","targetHints":{"allow":["GET"]}}],"collection":[{"href":"https:\/\/www.emkap1926.com\/en\/wp-json\/wp\/v2\/product"}],"about":[{"href":"https:\/\/www.emkap1926.com\/en\/wp-json\/wp\/v2\/types\/product"}],"replies":[{"embeddable":true,"href":"https:\/\/www.emkap1926.com\/en\/wp-json\/wp\/v2\/comments?post=1251"}],"wp:featuredmedia":[{"embeddable":true,"href":"https:\/\/www.emkap1926.com\/en\/wp-json\/wp\/v2\/media\/298"}],"wp:attachment":[{"href":"https:\/\/www.emkap1926.com\/en\/wp-json\/wp\/v2\/media?parent=1251"}],"wp:term":[{"taxonomy":"product_brand","embeddable":true,"href":"https:\/\/www.emkap1926.com\/en\/wp-json\/wp\/v2\/product_brand?post=1251"},{"taxonomy":"product_cat","embeddable":true,"href":"https:\/\/www.emkap1926.com\/en\/wp-json\/wp\/v2\/product_cat?post=1251"},{"taxonomy":"product_tag","embeddable":true,"href":"https:\/\/www.emkap1926.com\/en\/wp-json\/wp\/v2\/product_tag?post=1251"}],"curies":[{"name":"wp","href":"https:\/\/api.w.org\/{rel}","templated":true}]}}