{"id":1627,"date":"2025-04-01T18:14:12","date_gmt":"2025-04-01T16:14:12","guid":{"rendered":"https:\/\/www.emkap1926.com\/?post_type=product&#038;p=1627"},"modified":"2026-08-12T18:36:48","modified_gmt":"2026-08-12T16:36:48","slug":"koldra-puchowa-140x200-cm-caloroczna-100-puchu-gesiego-kolekcja-ewa-premium-heritage","status":"publish","type":"product","link":"https:\/\/www.emkap1926.com\/en\/product-2\/koldra-puchowa-140x200-cm-caloroczna-100-puchu-gesiego-kolekcja-ewa-premium-heritage\/","title":{"rendered":"Ko\u0142dra puchowa 140x200 cm ca\u0142oroczna, 100% puchu g\u0119siego - KOLEKCJA \"EWA PREMIUM HERITAGE\""},"content":{"rendered":"<p class=\"translation-block\">Przy tworzeniu puchowej ko\u0142dry z g\u0119siego puchu Ewa Premium Heritage <span lang=\"pl-PL\">w rozmiarze 140x200 cm <\/span>czerpali\u015bmy z<span lang=\"pl-PL\">e <\/span>stuletniej tradycji manufaktury Emkap.<span lang=\"pl-PL\"> To wyj\u0105tkowa, ekskluzywna kolekcja, kt\u00f3ra powsta\u0142a z okazji 100. urodzin manufaktury. T\u0105 kolekcj\u0105 chcemy przenie\u015b\u0107&nbsp;Ci\u0119 <\/span>do <span lang=\"pl-PL\">pe\u0142nego ciep\u0142a <\/span>domu<span lang=\"pl-PL\">,<\/span> <span lang=\"pl-PL\">jak z idealnego beztroskiego <\/span>dzieci\u0144stwa<span lang=\"pl-PL\">.<\/span><\/p>\n<h2><span style=\"color: #a47923;\">Ko\u0142dra puchowa 140x200 cm dla dziecka i nastolatka<\/span><\/h2>\n<p class=\"translation-block\">Nasza ca\u0142oroczna ko\u0142dra puchowa <span lang=\"pl-PL\">z kolekcji Ewa Premium Heritage <\/span>w rozmiarze 140x200 cm sprawdzi si\u0119 idealnie na pojedynczym \u0142\u00f3\u017cku <span lang=\"pl-PL\">dla mniejszego dziecka lub nastolatka a tak\u017ce<\/span> jako jedna z dw\u00f3ch niezale\u017cnych ko\u0142der na \u0142\u00f3\u017cku ma\u0142\u017ce\u0144skim.<\/p>\n<p>Wykonana r\u0119cznie z najwy\u017csz\u0105 staranno\u015bci\u0105, zapewnia wyj\u0105tkowy komfort snu.<\/p>\n<p>&nbsp;<\/p>\n<h2><span style=\"color: #a47923;\">Puchowa ko\u0142dra 140x200 cm wype\u0142niona w 100% bia\u0142ym puchem z wielkopolskich g\u0119si<\/span><\/h2>\n<p class=\"translation-block\">Ko\u0142dra jest wype\u0142niona w 100% bia\u0142ym puchem z wielkopolskich g\u0119si, charakteryzuj\u0105cym si\u0119 wyj\u0105tkow\u0105 czysto\u015bci\u0105 i spr\u0119\u017cysto\u015bci\u0105 na poziomie <span lang=\"pl-PL\">750 <\/span>CUIN. Najwy\u017cszej jako\u015bci puch g\u0119si jest otulony przewiewn\u0105 i g\u0119sto tkan<span lang=\"pl-PL\">\u0105<\/span> bawe\u0142nian\u0105 tkanin\u0105, kt\u00f3ra <span lang=\"pl-PL\">pie\u015bci<\/span> na zmys\u0142y.<\/p>\n<p>Nasza ko\u0142dra 140x200 cm powstaje wed\u0142ug sprawdzonych, przedwojennych metod rzemie\u015blniczych. Od blisko 100 lat kultywujemy ten charakter naszej manufaktury, poniewa\u017c wiemy, \u017ce tylko takie podej\u015bcie zapewnia wyj\u0105tkow\u0105 trwa\u0142o\u015b\u0107 i niezawodno\u015b\u0107 na d\u0142ugie lata. Ko\u0142dra z puchu g\u0119siego ma kasetow\u0105 konstrukcj\u0119 oraz wszyte specjalne bawe\u0142niane ta\u015bmy, kt\u00f3re zapobiegaj\u0105 przesuwaniu si\u0119 puchu.<\/p>\n<p>&nbsp;<\/p>\n<h2><span style=\"color: #a47923;\">Bawe\u0142niana walizka na suwak do przechowywania puchowej ko\u0142dry<\/span><\/h2>\n<p class=\"translation-block\">Dostarczamy ko\u0142dr\u0119 w wielorazowej bawe\u0142nianej torbie-walizce, kt\u00f3ra zapewnia idealne warunki do przechowywania ko\u0142der i poduszek<span lang=\"pl-PL\"> z puchu g\u0119siego<\/span>. Torba sprawdzi si\u0119 r\u00f3wnie\u017c jako eleganckie opakowanie na prezent. Nasze pokrowce zosta\u0142y zaprojektowane tak, aby ko\u0142dry i poduszki mog\u0142y oddycha\u0107, zajmuj\u0105c jednocze\u015bnie jak najmniej miejsca. Co wi\u0119cej, zar\u00f3wno nasze produkty, jak i opakowania s\u0105 ca\u0142kowicie wolne od plastiku.<\/p>\n<p>&nbsp;<\/p>\n<h2>DANE TECHNICZNE PUCHOWEJ KO\u0141DRY 140X200 CM<\/h2>\n<hr \/>\n<p><strong>Klasa cieplna:<\/strong>\u00a0ca\u0142oroczna<\/p>\n<p class=\"translation-block\"><strong>Tkanina:<\/strong>&nbsp;szlachetna puchoszczelna tkanina bawe\u0142niana, 100% bawe\u0142na, o parametrach splotu nitki NM 100\/100 na cm<sup>2<\/sup>z certyfikatem OEKO-TEX\u00ae Standard 100<\/p>\n<p><strong>Wype\u0142nienie:<\/strong>\u00a0najwy\u017cszej jako\u015bci 100% bia\u0142ego puchu z wielkopolskich g\u0119si z ekologicznych hodowli o spr\u0119\u017cysto\u015bci 750 CUIN.<\/p>\n<p><strong>Waga\u00a0wype\u0142nienia:\u00a0<\/strong> 140x200 - 900 g<\/p>\n<p class=\"translation-block\"><strong><span style=\"color: #3d3d3d;\"><span style=\"font-family: EB Garamond, serif;\"><span style=\"font-size: large;\"><span lang=\"pl-PL\">Konstrukcja:&nbsp;<\/span><\/span><\/span><\/span><\/strong><span style=\"color: #3d3d3d;\"><span style=\"font-family: EB Garamond, serif;\"><span style=\"font-size: large;\"><span lang=\"pl-PL\">kasetowa z wszyt\u0105 bawe\u0142nian\u0105 ta\u015bm\u0105 uszczelniaj\u0105c\u0105 i wzmacniaj\u0105c\u0105 szew.&nbsp;Na brzegach ko\u0142dra zszyta jest podw\u00f3jnym \u015bciegiem i wyko\u0144czona dekoracyjn\u0105 naturaln\u0105 ta\u015bm\u0105 o szeroko\u015bci 12mm, tzw. biz\u0105, kt\u00f3ra dodatkowo spe\u0142nia tak\u017ce funkcj\u0119 uszczelniaj\u0105ce<\/span><\/span><\/span><\/span><\/p>\n<p class=\"translation-block\"><strong><span style=\"color: #3d3d3d;\"><span style=\"font-family: EB Garamond, serif;\"><span style=\"font-size: large;\"><span lang=\"pl-PL\">Opakowanie:<\/span><\/span><\/span><\/span><\/strong><span style=\"color: #3d3d3d;\"><span style=\"font-family: EB Garamond, serif;\"><span style=\"font-size: large;\"><span lang=\"pl-PL\">&nbsp;Ko\u0142dr\u0119&nbsp;dostarczamy w wielorazowej bawe\u0142nianej torbie-walizce, kt\u00f3ra pozwala przechowywa\u0107 ko\u0142dry i poduszki w idealnych dla puchu warunkach. Pokrowce zaprojektowali\u015bmy tak, by ko\u0142dry i poduszki oddycha\u0142y i zajmowa\u0142y jak najmniej miejsca. Zar\u00f3wno nasze produkty i opakowania nie zawieraj\u0105 grama plastiku.<\/span><\/span><\/span><\/span><\/p>\n<p><strong>Kolor:<\/strong>\u00a0\u015bnie\u017cnobia\u0142y<\/p>\n<p class=\"translation-block\"><strong>Czas realizacji zam\u00f3wienia<\/strong>:&nbsp;Nie mamy d\u0142ugich linii produkcyjnych.&nbsp;Szyjemy dla naszych klient\u00f3w, wykonujemy nasze puchowe ko\u0142dry i poduszki pod konkretne zam\u00f3wienia. 7 dni roboczych od momentu z\u0142o\u017cenia zam\u00f3wienia to maksymalny czas na jego realizacj\u0119, ale zawsze staramy si\u0119, aby\u015bcie otrzymali swoje zam\u00f3wienie wcze\u015bniej.<\/p>\n<p>&nbsp;<\/p>\n<p><strong>WI\u0118CEJ INFORMACJI<\/strong><\/p>\n<hr \/>\n<p>Po wi\u0119cej informacji dotycz\u0105cych rodzaju i pochodzenia puchu, tkaniny, w\u0142a\u015bciwo\u015bci termoregulacyjnych ko\u0142dry, mo\u017cliwo\u015bci zam\u00f3wienia ko\u0142dry pod wymiar zapraszamy na podstron\u0119: <a href=\"https:\/\/www.emkap1926.com\/en\/product-2\/ewa-premium-heritage-koldra-puchowa-premium-100-puchu-gesiego-caloroczna-celebracja-100-lat-doskonalosci-i-tradycji-solidnego-rzemiosla\/?wmc-currency=GBP\">LINK<\/a><\/p>","protected":false},"excerpt":{"rendered":"<p>Od 100 lat szyjemy r\u0119cznie naturalne puchowe ko\u0142dry z najlepszego polskiego 100% puchu. Uszyte solidnie puchowe ko\u0142dry pos\u0142u\u017c\u0105 Ci ca\u0142e \u017cycie. Dla naszych klient\u00f3w oferujemy odp\u0142atn\u0105 us\u0142ug\u0119 regeneracji ko\u0142der po wielu latach u\u017cytkowania.<\/p>\n<p>&nbsp;<\/p>","protected":false},"featured_media":296,"comment_status":"open","ping_status":"closed","template":"","meta":{"_acf_changed":false,"_members_access_role":[],"_members_access_error":""},"product_brand":[],"product_cat":[43],"product_tag":[96],"class_list":["post-1627","product","type-product","status-publish","has-post-thumbnail","product_cat-koldry-puchowe","product_tag-140x200","first","instock","shipping-taxable","purchasable","product-type-simple"],"acf":[],"yoast_head":"<!-- This site is optimized with the Yoast SEO Premium plugin v18.2.1 (Yoast SEO v28.1) - https:\/\/yoast.com\/product\/yoast-seo-premium-wordpress\/ -->\n<title>Ko\u0142dra puchowa 140x200 cm ca\u0142oroczna, 100% puchu g\u0119siego - KOLEKCJA &quot;EWA PREMIUM HERITAGE&quot; - Emkap1926<\/title>\n<meta name=\"robots\" content=\"index, follow, max-snippet:-1, max-image-preview:large, max-video-preview:-1\" \/>\n<link rel=\"canonical\" href=\"https:\/\/www.emkap1926.com\/en\/product-2\/koldra-puchowa-140x200-cm-caloroczna-100-puchu-gesiego-kolekcja-ewa-premium-heritage\/?wmc-currency=GBP\" \/>\n<meta property=\"og:locale\" content=\"en_US\" \/>\n<meta property=\"og:type\" content=\"article\" \/>\n<meta property=\"og:title\" content=\"Ko\u0142dra puchowa 140x200 cm ca\u0142oroczna, 100% puchu g\u0119siego - KOLEKCJA &quot;EWA PREMIUM HERITAGE&quot;\" \/>\n<meta property=\"og:description\" content=\"Od 100 lat szyjemy r\u0119cznie naturalne puchowe ko\u0142dry z najlepszego polskiego 100% puchu. Uszyte solidnie puchowe ko\u0142dry pos\u0142u\u017c\u0105 Ci ca\u0142e \u017cycie. Dla naszych klient\u00f3w oferujemy odp\u0142atn\u0105 us\u0142ug\u0119 regeneracji ko\u0142der po wielu latach u\u017cytkowania.  &nbsp;\" \/>\n<meta property=\"og:url\" content=\"https:\/\/www.emkap1926.com\/en\/product-2\/koldra-puchowa-140x200-cm-caloroczna-100-puchu-gesiego-kolekcja-ewa-premium-heritage\/?wmc-currency=GBP\" \/>\n<meta property=\"og:site_name\" content=\"Emkap1926\" \/>\n<meta property=\"article:publisher\" content=\"https:\/\/www.facebook.com\/emkap1926\" \/>\n<meta property=\"article:modified_time\" content=\"2026-08-12T16:36:48+00:00\" \/>\n<meta property=\"og:image\" content=\"https:\/\/www.emkap1926.com\/wp-content\/uploads\/2022\/06\/Emkap_kwadrat_1000x1000_6.png\" \/>\n\t<meta property=\"og:image:width\" content=\"1000\" \/>\n\t<meta property=\"og:image:height\" content=\"1000\" \/>\n\t<meta property=\"og:image:type\" content=\"image\/png\" \/>\n<meta name=\"twitter:card\" content=\"summary_large_image\" \/>\n<meta name=\"twitter:label1\" content=\"Est. reading time\" \/>\n\t<meta name=\"twitter:data1\" content=\"3 minutes\" \/>\n<script type=\"application\/ld+json\" class=\"yoast-schema-graph\">{\"@context\":\"https:\\\/\\\/schema.org\",\"@graph\":[{\"@type\":\"WebPage\",\"@id\":\"https:\\\/\\\/www.emkap1926.com\\\/produkt\\\/koldra-puchowa-140x200-cm-caloroczna-100-puchu-gesiego-kolekcja-ewa-premium-heritage\\\/\",\"url\":\"https:\\\/\\\/www.emkap1926.com\\\/produkt\\\/koldra-puchowa-140x200-cm-caloroczna-100-puchu-gesiego-kolekcja-ewa-premium-heritage\\\/\",\"name\":\"Ko\u0142dra puchowa 140x200 cm ca\u0142oroczna, 100% puchu g\u0119siego - KOLEKCJA \\\"EWA PREMIUM HERITAGE\\\" - Emkap1926\",\"isPartOf\":{\"@id\":\"https:\\\/\\\/www.emkap1926.com\\\/#website\"},\"primaryImageOfPage\":{\"@id\":\"https:\\\/\\\/www.emkap1926.com\\\/produkt\\\/koldra-puchowa-140x200-cm-caloroczna-100-puchu-gesiego-kolekcja-ewa-premium-heritage\\\/#primaryimage\"},\"image\":{\"@id\":\"https:\\\/\\\/www.emkap1926.com\\\/produkt\\\/koldra-puchowa-140x200-cm-caloroczna-100-puchu-gesiego-kolekcja-ewa-premium-heritage\\\/#primaryimage\"},\"thumbnailUrl\":\"https:\\\/\\\/www.emkap1926.com\\\/wp-content\\\/uploads\\\/2022\\\/06\\\/Emkap_kwadrat_1000x1000_6.png\",\"datePublished\":\"2025-04-01T16:14:12+00:00\",\"dateModified\":\"2026-08-12T16:36:48+00:00\",\"breadcrumb\":{\"@id\":\"https:\\\/\\\/www.emkap1926.com\\\/produkt\\\/koldra-puchowa-140x200-cm-caloroczna-100-puchu-gesiego-kolekcja-ewa-premium-heritage\\\/#breadcrumb\"},\"inLanguage\":\"en-UK\",\"potentialAction\":[{\"@type\":\"ReadAction\",\"target\":[\"https:\\\/\\\/www.emkap1926.com\\\/produkt\\\/koldra-puchowa-140x200-cm-caloroczna-100-puchu-gesiego-kolekcja-ewa-premium-heritage\\\/\"]}]},{\"@type\":\"ImageObject\",\"inLanguage\":\"en-UK\",\"@id\":\"https:\\\/\\\/www.emkap1926.com\\\/produkt\\\/koldra-puchowa-140x200-cm-caloroczna-100-puchu-gesiego-kolekcja-ewa-premium-heritage\\\/#primaryimage\",\"url\":\"https:\\\/\\\/www.emkap1926.com\\\/wp-content\\\/uploads\\\/2022\\\/06\\\/Emkap_kwadrat_1000x1000_6.png\",\"contentUrl\":\"https:\\\/\\\/www.emkap1926.com\\\/wp-content\\\/uploads\\\/2022\\\/06\\\/Emkap_kwadrat_1000x1000_6.png\",\"width\":1000,\"height\":1000},{\"@type\":\"BreadcrumbList\",\"@id\":\"https:\\\/\\\/www.emkap1926.com\\\/produkt\\\/koldra-puchowa-140x200-cm-caloroczna-100-puchu-gesiego-kolekcja-ewa-premium-heritage\\\/#breadcrumb\",\"itemListElement\":[{\"@type\":\"ListItem\",\"position\":1,\"name\":\"Strona g\u0142\u00f3wna\",\"item\":\"https:\\\/\\\/www.emkap1926.com\\\/\"},{\"@type\":\"ListItem\",\"position\":2,\"name\":\"Prywatne: Produkty test\",\"item\":\"https:\\\/\\\/www.emkap1926.com\\\/produkty-test\\\/\"},{\"@type\":\"ListItem\",\"position\":3,\"name\":\"Ko\u0142dra puchowa 140x200 cm ca\u0142oroczna, 100% puchu g\u0119siego - KOLEKCJA \\\"EWA PREMIUM HERITAGE\\\"\"}]},{\"@type\":\"WebSite\",\"@id\":\"https:\\\/\\\/www.emkap1926.com\\\/#website\",\"url\":\"https:\\\/\\\/www.emkap1926.com\\\/\",\"name\":\"Emkap1926\",\"description\":\"Najlepsze r\u0119cznie szyte ko\u0142dry puchowe\",\"publisher\":{\"@id\":\"https:\\\/\\\/www.emkap1926.com\\\/#organization\"},\"potentialAction\":[{\"@type\":\"SearchAction\",\"target\":{\"@type\":\"EntryPoint\",\"urlTemplate\":\"https:\\\/\\\/www.emkap1926.com\\\/?s={search_term_string}\"},\"query-input\":{\"@type\":\"PropertyValueSpecification\",\"valueRequired\":true,\"valueName\":\"search_term_string\"}}],\"inLanguage\":\"en-UK\"},{\"@type\":\"Organization\",\"@id\":\"https:\\\/\\\/www.emkap1926.com\\\/#organization\",\"name\":\"Emkap1926\",\"url\":\"https:\\\/\\\/www.emkap1926.com\\\/\",\"logo\":{\"@type\":\"ImageObject\",\"inLanguage\":\"en-UK\",\"@id\":\"https:\\\/\\\/www.emkap1926.com\\\/#\\\/schema\\\/logo\\\/image\\\/\",\"url\":\"https:\\\/\\\/www.emkap1926.com\\\/wp-content\\\/uploads\\\/2022\\\/06\\\/logo-e1660324865374.jpg\",\"contentUrl\":\"https:\\\/\\\/www.emkap1926.com\\\/wp-content\\\/uploads\\\/2022\\\/06\\\/logo-e1660324865374.jpg\",\"width\":500,\"height\":328,\"caption\":\"Emkap1926\"},\"image\":{\"@id\":\"https:\\\/\\\/www.emkap1926.com\\\/#\\\/schema\\\/logo\\\/image\\\/\"},\"sameAs\":[\"https:\\\/\\\/www.facebook.com\\\/emkap1926\",\"https:\\\/\\\/www.instagram.com\\\/emkap1926\\\/\"]}]}<\/script>\n<!-- \/ Yoast SEO Premium plugin. -->","yoast_head_json":{"title":"Ko\u0142dra puchowa 140x200 cm ca\u0142oroczna, 100% puchu g\u0119siego - KOLEKCJA \"EWA PREMIUM HERITAGE\" - Emkap1926","robots":{"index":"index","follow":"follow","max-snippet":"max-snippet:-1","max-image-preview":"max-image-preview:large","max-video-preview":"max-video-preview:-1"},"canonical":"https:\/\/www.emkap1926.com\/en\/product-2\/koldra-puchowa-140x200-cm-caloroczna-100-puchu-gesiego-kolekcja-ewa-premium-heritage\/?wmc-currency=GBP","og_locale":"en_US","og_type":"article","og_title":"Ko\u0142dra puchowa 140x200 cm ca\u0142oroczna, 100% puchu g\u0119siego - KOLEKCJA \"EWA PREMIUM HERITAGE\"","og_description":"Od 100 lat szyjemy r\u0119cznie naturalne puchowe ko\u0142dry z najlepszego polskiego 100% puchu. Uszyte solidnie puchowe ko\u0142dry pos\u0142u\u017c\u0105 Ci ca\u0142e \u017cycie. Dla naszych klient\u00f3w oferujemy odp\u0142atn\u0105 us\u0142ug\u0119 regeneracji ko\u0142der po wielu latach u\u017cytkowania.  &nbsp;","og_url":"https:\/\/www.emkap1926.com\/en\/product-2\/koldra-puchowa-140x200-cm-caloroczna-100-puchu-gesiego-kolekcja-ewa-premium-heritage\/?wmc-currency=GBP","og_site_name":"Emkap1926","article_publisher":"https:\/\/www.facebook.com\/emkap1926","article_modified_time":"2026-08-12T16:36:48+00:00","og_image":[{"width":1000,"height":1000,"url":"https:\/\/www.emkap1926.com\/wp-content\/uploads\/2022\/06\/Emkap_kwadrat_1000x1000_6.png","type":"image\/png"}],"twitter_card":"summary_large_image","twitter_misc":{"Est. reading time":"3 minutes"},"schema":{"@context":"https:\/\/schema.org","@graph":[{"@type":"WebPage","@id":"https:\/\/www.emkap1926.com\/produkt\/koldra-puchowa-140x200-cm-caloroczna-100-puchu-gesiego-kolekcja-ewa-premium-heritage\/","url":"https:\/\/www.emkap1926.com\/produkt\/koldra-puchowa-140x200-cm-caloroczna-100-puchu-gesiego-kolekcja-ewa-premium-heritage\/","name":"Ko\u0142dra puchowa 140x200 cm ca\u0142oroczna, 100% puchu g\u0119siego - KOLEKCJA \"EWA PREMIUM HERITAGE\" - Emkap1926","isPartOf":{"@id":"https:\/\/www.emkap1926.com\/#website"},"primaryImageOfPage":{"@id":"https:\/\/www.emkap1926.com\/produkt\/koldra-puchowa-140x200-cm-caloroczna-100-puchu-gesiego-kolekcja-ewa-premium-heritage\/#primaryimage"},"image":{"@id":"https:\/\/www.emkap1926.com\/produkt\/koldra-puchowa-140x200-cm-caloroczna-100-puchu-gesiego-kolekcja-ewa-premium-heritage\/#primaryimage"},"thumbnailUrl":"https:\/\/www.emkap1926.com\/wp-content\/uploads\/2022\/06\/Emkap_kwadrat_1000x1000_6.png","datePublished":"2025-04-01T16:14:12+00:00","dateModified":"2026-08-12T16:36:48+00:00","breadcrumb":{"@id":"https:\/\/www.emkap1926.com\/produkt\/koldra-puchowa-140x200-cm-caloroczna-100-puchu-gesiego-kolekcja-ewa-premium-heritage\/#breadcrumb"},"inLanguage":"en-UK","potentialAction":[{"@type":"ReadAction","target":["https:\/\/www.emkap1926.com\/produkt\/koldra-puchowa-140x200-cm-caloroczna-100-puchu-gesiego-kolekcja-ewa-premium-heritage\/"]}]},{"@type":"ImageObject","inLanguage":"en-UK","@id":"https:\/\/www.emkap1926.com\/produkt\/koldra-puchowa-140x200-cm-caloroczna-100-puchu-gesiego-kolekcja-ewa-premium-heritage\/#primaryimage","url":"https:\/\/www.emkap1926.com\/wp-content\/uploads\/2022\/06\/Emkap_kwadrat_1000x1000_6.png","contentUrl":"https:\/\/www.emkap1926.com\/wp-content\/uploads\/2022\/06\/Emkap_kwadrat_1000x1000_6.png","width":1000,"height":1000},{"@type":"BreadcrumbList","@id":"https:\/\/www.emkap1926.com\/produkt\/koldra-puchowa-140x200-cm-caloroczna-100-puchu-gesiego-kolekcja-ewa-premium-heritage\/#breadcrumb","itemListElement":[{"@type":"ListItem","position":1,"name":"Strona g\u0142\u00f3wna","item":"https:\/\/www.emkap1926.com\/"},{"@type":"ListItem","position":2,"name":"Prywatne: Produkty test","item":"https:\/\/www.emkap1926.com\/produkty-test\/"},{"@type":"ListItem","position":3,"name":"Ko\u0142dra puchowa 140x200 cm ca\u0142oroczna, 100% puchu g\u0119siego - KOLEKCJA \"EWA PREMIUM HERITAGE\""}]},{"@type":"WebSite","@id":"https:\/\/www.emkap1926.com\/#website","url":"https:\/\/www.emkap1926.com\/","name":"Emkap1926","description":"Najlepsze r\u0119cznie szyte ko\u0142dry puchowe","publisher":{"@id":"https:\/\/www.emkap1926.com\/#organization"},"potentialAction":[{"@type":"SearchAction","target":{"@type":"EntryPoint","urlTemplate":"https:\/\/www.emkap1926.com\/?s={search_term_string}"},"query-input":{"@type":"PropertyValueSpecification","valueRequired":true,"valueName":"search_term_string"}}],"inLanguage":"en-UK"},{"@type":"Organization","@id":"https:\/\/www.emkap1926.com\/#organization","name":"Emkap1926","url":"https:\/\/www.emkap1926.com\/","logo":{"@type":"ImageObject","inLanguage":"en-UK","@id":"https:\/\/www.emkap1926.com\/#\/schema\/logo\/image\/","url":"https:\/\/www.emkap1926.com\/wp-content\/uploads\/2022\/06\/logo-e1660324865374.jpg","contentUrl":"https:\/\/www.emkap1926.com\/wp-content\/uploads\/2022\/06\/logo-e1660324865374.jpg","width":500,"height":328,"caption":"Emkap1926"},"image":{"@id":"https:\/\/www.emkap1926.com\/#\/schema\/logo\/image\/"},"sameAs":["https:\/\/www.facebook.com\/emkap1926","https:\/\/www.instagram.com\/emkap1926\/"]}]}},"_links":{"self":[{"href":"https:\/\/www.emkap1926.com\/en\/wp-json\/wp\/v2\/product\/1627","targetHints":{"allow":["GET"]}}],"collection":[{"href":"https:\/\/www.emkap1926.com\/en\/wp-json\/wp\/v2\/product"}],"about":[{"href":"https:\/\/www.emkap1926.com\/en\/wp-json\/wp\/v2\/types\/product"}],"replies":[{"embeddable":true,"href":"https:\/\/www.emkap1926.com\/en\/wp-json\/wp\/v2\/comments?post=1627"}],"wp:featuredmedia":[{"embeddable":true,"href":"https:\/\/www.emkap1926.com\/en\/wp-json\/wp\/v2\/media\/296"}],"wp:attachment":[{"href":"https:\/\/www.emkap1926.com\/en\/wp-json\/wp\/v2\/media?parent=1627"}],"wp:term":[{"taxonomy":"product_brand","embeddable":true,"href":"https:\/\/www.emkap1926.com\/en\/wp-json\/wp\/v2\/product_brand?post=1627"},{"taxonomy":"product_cat","embeddable":true,"href":"https:\/\/www.emkap1926.com\/en\/wp-json\/wp\/v2\/product_cat?post=1627"},{"taxonomy":"product_tag","embeddable":true,"href":"https:\/\/www.emkap1926.com\/en\/wp-json\/wp\/v2\/product_tag?post=1627"}],"curies":[{"name":"wp","href":"https:\/\/api.w.org\/{rel}","templated":true}]}}