{"id":1637,"date":"2025-04-01T18:54:24","date_gmt":"2025-04-01T16:54:24","guid":{"rendered":"https:\/\/www.emkap1926.com\/?post_type=product&#038;p=1637"},"modified":"2026-08-12T18:36:17","modified_gmt":"2026-08-12T16:36:17","slug":"koldra-puchowa-premium-na-lato-140x200-cm-100-puchu-gesiego-kolekcja-ewa-premium-heritage","status":"publish","type":"product","link":"https:\/\/www.emkap1926.com\/en\/product-2\/koldra-puchowa-premium-na-lato-140x200-cm-100-puchu-gesiego-kolekcja-ewa-premium-heritage\/","title":{"rendered":"Ko\u0142dra puchowa premium na lato 140x200 cm, 100% puchu g\u0119siego - KOLEKCJA \"EWA PREMIUM HERITAGE\""},"content":{"rendered":"<p class=\"translation-block\"><span lang=\"pl-PL\">Puchowa ko\u0142dra na lato 140x200 cm zapewnia<\/span> <b>r\u00f3wnowag\u0119 mi\u0119dzy przyjemnym otuleniem a \u015bwie\u017co\u015bci\u0105<\/b>. Nasza letnia ko\u0142dra puchowa <span lang=\"pl-PL\">z kolekcji Ewa Premium Heritage <\/span>to synonim lekko\u015bci i komfortu \u2013 r\u0119cznie tworzona w manufakturze z<span lang=\"pl-PL\">e <\/span>100-letni\u0105 tradycj\u0105.<\/p>\n<p>&nbsp;<\/p>\n<h2><span lang=\"pl-PL\" style=\"color: #a47923;\">Jaka ko\u0142dra b\u0119dzie najlepsza na lato?<\/span><\/h2>\n<p class=\"translation-block\"><span lang=\"pl-PL\">Puchowa ko\u0142dra na lato 140x200 cm zosta\u0142a skonstruowana i uszyta r\u0119cznie <\/span>z najwy\u017cszej jako\u015bci bawe\u0142n<span lang=\"pl-PL\">y<\/span>\u2013 <span lang=\"pl-PL\">oddychaj\u0105cej, o mocnym splocie <\/span>i przyjemnej w dotyku. Wype\u0142nienie<span lang=\"pl-PL\"> puchowej ko\u0142dry<\/span> to starannie wyselekcjonowany, <span lang=\"pl-PL\"><b>100% <\/b><\/span><b>puszysty<\/b><span lang=\"pl-PL\"><b> polski<\/b><\/span><b> puch g\u0119si, kt\u00f3ry s\u0142ynie ze swojej przewiewno\u015bci i zdolno\u015bci do regulowania temperatury<\/b>. <span lang=\"pl-PL\">Puchowe wype\u0142nienie zosta\u0142o <\/span><span lang=\"pl-PL\"><b>odpowiednio wywa\u017cone do warunk\u00f3w panuj\u0105cych latem w sypialni<\/b><\/span><span lang=\"pl-PL\">. Jest go mniej. <\/span>Dzi\u0119ki niemu ko\u0142dra jest wyj\u0105tkowo lekka, a jednocze\u015bnie utrzymuje optymalny mikroklimat\u2013 bez przegrzewania i bez uczucia wilgoci.<span lang=\"pl-PL\"> Ta ko\u0142dra b\u0119dzie r\u00f3wnie\u017c idealnym okryciem dla <\/span><span lang=\"pl-PL\"><b>ceni\u0105cych uczucie rze\u015bko\u015bci przez ca\u0142y rok a tak\u017ce dla kobiet przechodz\u0105cych transformacj\u0119&nbsp;menopauzaln\u0105.<\/b><\/span><\/p>\n<p>&nbsp;<\/p>\n<h2><span style=\"color: #a47923;\">Ko\u0142dra puchowa w rozmiarze 140x200 cm<\/span><\/h2>\n<p>Ko\u0142dra puchowa na lato 140x200 to najbardziej poszukiwany rozmiar i rodzaj ko\u0142dry dla dziecka i nastolatka. To wprawdzie rozmiar zwany r\u00f3wnie\u017c \u201cSingle\u201d ale dla doros\u0142ych \u015bpi\u0105cych w pojedynk\u0119 polecamy jednak <a href=\"https:\/\/www.emkap1926.com\/en\/product-2\/ewa-premium-heritage-koldra-puchowa-premium-100-puchu-gesiego-na-lato-160x200-cm\/?wmc-currency=GBP\">ko\u0142dr\u0119 w rozmiarze 160x200 cm<\/a>.<\/p>\n<p class=\"translation-block\"><span lang=\"pl-PL\">O<\/span>d pokole\u0144 dba<span lang=\"pl-PL\">my<\/span> o najwy\u017csz\u0105 jako\u015b\u0107 snu<span lang=\"pl-PL\"> naszych Klient\u00f3w<\/span>. R\u0119czne <span lang=\"pl-PL\">solidne techniki konstrukcji puchowej ko\u0142dry <\/span>gwarantuj<span lang=\"pl-PL\">\u0105<\/span> r\u00f3wnomierne roz\u0142o\u017cenie puchu, a staranne <span lang=\"pl-PL\">podw\u00f3jne <\/span>wyko\u0144czenie sprawia, \u017ce to <b>produkt na <\/b><span lang=\"pl-PL\"><b>d\u0142ugie <\/b><\/span><b>lata.<\/b><\/p>\n<p>&nbsp;<\/p>\n<h2>DANE TECHNICZNE PUCHOWEJ KO\u0141DRY NA LATO 140X200 CM<\/h2>\n<hr \/>\n<p><strong><span style=\"color: #3d3d3d;\"><span style=\"font-family: EB Garamond, serif;\"><span style=\"font-size: large;\">Klasa cieplna:<\/span><\/span><\/span><\/strong><span style=\"color: #3d3d3d;\"><span style=\"font-family: EB Garamond, serif;\"><span style=\"font-size: large;\">\u00a0<\/span><\/span><\/span><span style=\"color: #3d3d3d;\"><span style=\"font-family: EB Garamond, serif;\"><span style=\"font-size: large;\"><span lang=\"pl-PL\">wiosna-lato<\/span><\/span><\/span><\/span><\/p>\n<p class=\"translation-block\"><strong><span style=\"color: #3d3d3d;\"><span style=\"font-family: EB Garamond, serif;\"><span style=\"font-size: large;\"><span lang=\"pl-PL\">Tkanina:<\/span><\/span><\/span><\/span><\/strong><span style=\"color: #3d3d3d;\"><span style=\"font-family: EB Garamond, serif;\"><span style=\"font-size: large;\"><span lang=\"pl-PL\">&nbsp;szlachetna puchoszczelna tkanina bawe\u0142niana, 100% bawe\u0142na, o parametrach splotu nitki NM 100\/100<\/span><\/span><\/span><\/span> <span style=\"color: #3d3d3d;\"><span style=\"font-family: EB Garamond, serif;\"><span style=\"font-size: large;\"><span lang=\"pl-PL\">na cm<\/span><\/span><\/span><\/span><span style=\"color: #3d3d3d;\"><sup><span style=\"font-family: EB Garamond, serif;\"><span style=\"font-size: small;\"><span lang=\"pl-PL\">2<\/span><\/span><\/span><\/sup><\/span>, z certyfikatem OEKO-TEX\u00ae Standard 100<\/p>\n<p><strong><span style=\"color: #3d3d3d;\"><span style=\"font-family: EB Garamond, serif;\"><span style=\"font-size: large;\"><span lang=\"pl-PL\">Wype\u0142nienie:<\/span><\/span><\/span><\/span><\/strong><span style=\"color: #3d3d3d;\"><span style=\"font-family: EB Garamond, serif;\"><span style=\"font-size: large;\"><span lang=\"pl-PL\">\u00a0najwy\u017cszej jako\u015bci 100% bia\u0142ego puchu z wielkopolskich g\u0119si z ekologicznych hodowli o spr\u0119\u017cysto\u015bci 750 CUIN.\u00a0<\/span><\/span><\/span><\/span><\/p>\n<p><strong><span style=\"color: #3d3d3d;\"><span style=\"font-family: EB Garamond, serif;\"><span style=\"font-size: large;\"><span lang=\"pl-PL\">Waga\u00a0wype\u0142nienia:\u00a0<\/span><\/span><\/span><\/span><\/strong><span style=\"color: #3d3d3d;\"><span style=\"font-family: EB Garamond, serif;\"><span style=\"font-size: large;\"><span lang=\"pl-PL\"> 140x200 cm \u2013 450 g<\/span><\/span><\/span><\/span><\/p>\n<p><strong><span style=\"color: #3d3d3d;\"><span style=\"font-family: EB Garamond, serif;\"><span style=\"font-size: large;\"><span lang=\"pl-PL\">Konstrukcja:\u00a0<\/span><\/span><\/span><\/span><\/strong><span style=\"color: #3d3d3d;\"><span style=\"font-family: EB Garamond, serif;\"><span style=\"font-size: large;\"><span lang=\"pl-PL\">kasetowa z wszyt\u0105 bawe\u0142nian\u0105 ta\u015bm\u0105 uszczelniaj\u0105c\u0105 i wzmacniaj\u0105c\u0105 szew.\u00a0Na brzegach ko\u0142dra zszyta jest podw\u00f3jnym \u015bciegiem i wyko\u0144czona dekoracyjn\u0105 naturaln\u0105 ta\u015bm\u0105 o szeroko\u015bci 12mm, tzw. biz\u0105, kt\u00f3ra dodatkowo spe\u0142nia tak\u017ce funkcj\u0119 uszczelniaj\u0105ce. <\/span><\/span><\/span><\/span><span style=\"color: #3d3d3d;\"><span style=\"font-family: EB Garamond, serif;\">Kasetowa konstrukcja w po\u0142\u0105czeniu z pracoch\u0142onnymi przedwojennymi technikami szycia zapewnia jej wyj\u0105tkow\u0105 trwa\u0142o\u015b\u0107 i niezawodno\u015b\u0107 na d\u0142ugie lata.<\/span><\/span><\/p>\n<p><strong><span style=\"color: #3d3d3d;\"><span style=\"font-family: EB Garamond, serif;\"><span style=\"font-size: large;\"><span lang=\"pl-PL\">Opakowanie:<\/span><\/span><\/span><\/span><\/strong><span style=\"color: #3d3d3d;\"><span style=\"font-family: EB Garamond, serif;\"><span style=\"font-size: large;\"><span lang=\"pl-PL\">\u00a0Ko\u0142dr\u0119\u00a0dostarczamy w wielorazowej bawe\u0142nianej torbie-walizce, kt\u00f3ra pozwala przechowywa\u0107 ko\u0142dry i poduszki w idealnych dla puchu warunkach. Pokrowce zaprojektowali\u015bmy tak, by ko\u0142dry i poduszki oddycha\u0142y i zajmowa\u0142y jak najmniej miejsca. To opakowanie pozwoli Ci zabra\u0107\u00a0Twoj\u0105 ko\u0142dr\u0119\u00a0bezpiecznie w podr\u00f3\u017c. Zar\u00f3wno nasze produkty i opakowania nie zawieraj\u0105 grama plastiku.<\/span><\/span><\/span><\/span><\/p>\n<p><strong><span style=\"color: #3d3d3d;\"><span style=\"font-family: EB Garamond, serif;\"><span style=\"font-size: large;\"><span lang=\"pl-PL\">Kolor:<\/span><\/span><\/span><\/span><\/strong><span style=\"color: #3d3d3d;\"><span style=\"font-family: EB Garamond, serif;\"><span style=\"font-size: large;\"><span lang=\"pl-PL\">\u00a0\u015bnie\u017cnobia\u0142y<\/span><\/span><\/span><\/span><\/p>\n<p class=\"translation-block\"><strong>Czas realizacji zam\u00f3wienia<\/strong>:&nbsp;Nie mamy d\u0142ugich linii produkcyjnych.&nbsp;Szyjemy dla naszych klient\u00f3w, wykonujemy nasze puchowe ko\u0142dry i poduszki pod konkretne zam\u00f3wienia. 7 dni roboczych od momentu z\u0142o\u017cenia zam\u00f3wienia to maksymalny czas na jego realizacj\u0119, ale zawsze staramy si\u0119, aby\u015bcie otrzymali swoje zam\u00f3wienie wcze\u015bniej.<\/p>\n<p>&nbsp;<\/p>\n<p><strong>WI\u0118CEJ INFORMACJI<\/strong><\/p>\n<hr \/>\n<p>Po wi\u0119cej informacji dotycz\u0105cych rodzaju i pochodzenia puchu, tkaniny, w\u0142a\u015bciwo\u015bci termoregulacyjnych ko\u0142dry, mo\u017cliwo\u015bci zam\u00f3wienia ko\u0142dry pod wymiar zapraszamy na podstron\u0119:\u00a0<a href=\"https:\/\/www.emkap1926.com\/en\/product-2\/ewa-premium-heritage-koldra-puchowa-premium-100-puchu-gesiego-na-lato-celebracja-100-lat-doskonalosci-i-tradycji-solidnego-rzemiosla\/?wmc-currency=GBP\">LINK<\/a><\/p>","protected":false},"excerpt":{"rendered":"<p>Od 100 lat szyjemy r\u0119cznie naturalne puchowe ko\u0142dry z najlepszego polskiego 100% puchu. Uszyte solidnie puchowe ko\u0142dry pos\u0142u\u017c\u0105 Ci ca\u0142e \u017cycie. Dla naszych klient\u00f3w oferujemy odp\u0142atn\u0105 us\u0142ug\u0119 regeneracji ko\u0142der po wielu latach u\u017cytkowania.<\/p>","protected":false},"featured_media":307,"comment_status":"open","ping_status":"closed","template":"","meta":{"_acf_changed":false,"_members_access_role":[],"_members_access_error":""},"product_brand":[],"product_cat":[43],"product_tag":[96],"class_list":["post-1637","product","type-product","status-publish","has-post-thumbnail","product_cat-koldry-puchowe","product_tag-140x200","first","instock","shipping-taxable","purchasable","product-type-simple"],"acf":[],"yoast_head":"<!-- This site is optimized with the Yoast SEO Premium plugin v18.2.1 (Yoast SEO v28.1) - https:\/\/yoast.com\/product\/yoast-seo-premium-wordpress\/ -->\n<title>Ko\u0142dra puchowa premium na lato 140x200 cm, 100% puchu g\u0119siego - KOLEKCJA &quot;EWA PREMIUM HERITAGE&quot; - Emkap1926<\/title>\n<meta name=\"robots\" content=\"index, follow, max-snippet:-1, max-image-preview:large, max-video-preview:-1\" \/>\n<link rel=\"canonical\" href=\"https:\/\/www.emkap1926.com\/en\/product-2\/koldra-puchowa-premium-na-lato-140x200-cm-100-puchu-gesiego-kolekcja-ewa-premium-heritage\/?wmc-currency=GBP\" \/>\n<meta property=\"og:locale\" content=\"en_US\" \/>\n<meta property=\"og:type\" content=\"article\" \/>\n<meta property=\"og:title\" content=\"Ko\u0142dra puchowa premium na lato 140x200 cm, 100% puchu g\u0119siego - KOLEKCJA &quot;EWA PREMIUM HERITAGE&quot;\" \/>\n<meta property=\"og:description\" content=\"Od 100 lat szyjemy r\u0119cznie naturalne puchowe ko\u0142dry z najlepszego polskiego 100% puchu. Uszyte solidnie puchowe ko\u0142dry pos\u0142u\u017c\u0105 Ci ca\u0142e \u017cycie. Dla naszych klient\u00f3w oferujemy odp\u0142atn\u0105 us\u0142ug\u0119 regeneracji ko\u0142der po wielu latach u\u017cytkowania.\" \/>\n<meta property=\"og:url\" content=\"https:\/\/www.emkap1926.com\/en\/product-2\/koldra-puchowa-premium-na-lato-140x200-cm-100-puchu-gesiego-kolekcja-ewa-premium-heritage\/?wmc-currency=GBP\" \/>\n<meta property=\"og:site_name\" content=\"Emkap1926\" \/>\n<meta property=\"article:publisher\" content=\"https:\/\/www.facebook.com\/emkap1926\" \/>\n<meta property=\"article:modified_time\" content=\"2026-08-12T16:36:17+00:00\" \/>\n<meta property=\"og:image\" content=\"https:\/\/www.emkap1926.com\/wp-content\/uploads\/2022\/06\/Emkap_kwadrat_1000x1000_7.png\" \/>\n\t<meta property=\"og:image:width\" content=\"1000\" \/>\n\t<meta property=\"og:image:height\" content=\"1000\" \/>\n\t<meta property=\"og:image:type\" content=\"image\/png\" \/>\n<meta name=\"twitter:card\" content=\"summary_large_image\" \/>\n<meta name=\"twitter:label1\" content=\"Est. reading time\" \/>\n\t<meta name=\"twitter:data1\" content=\"3 minutes\" \/>\n<script type=\"application\/ld+json\" class=\"yoast-schema-graph\">{\"@context\":\"https:\\\/\\\/schema.org\",\"@graph\":[{\"@type\":\"WebPage\",\"@id\":\"https:\\\/\\\/www.emkap1926.com\\\/produkt\\\/koldra-puchowa-premium-na-lato-140x200-cm-100-puchu-gesiego-kolekcja-ewa-premium-heritage\\\/\",\"url\":\"https:\\\/\\\/www.emkap1926.com\\\/produkt\\\/koldra-puchowa-premium-na-lato-140x200-cm-100-puchu-gesiego-kolekcja-ewa-premium-heritage\\\/\",\"name\":\"Ko\u0142dra puchowa premium na lato 140x200 cm, 100% puchu g\u0119siego - KOLEKCJA \\\"EWA PREMIUM HERITAGE\\\" - Emkap1926\",\"isPartOf\":{\"@id\":\"https:\\\/\\\/www.emkap1926.com\\\/#website\"},\"primaryImageOfPage\":{\"@id\":\"https:\\\/\\\/www.emkap1926.com\\\/produkt\\\/koldra-puchowa-premium-na-lato-140x200-cm-100-puchu-gesiego-kolekcja-ewa-premium-heritage\\\/#primaryimage\"},\"image\":{\"@id\":\"https:\\\/\\\/www.emkap1926.com\\\/produkt\\\/koldra-puchowa-premium-na-lato-140x200-cm-100-puchu-gesiego-kolekcja-ewa-premium-heritage\\\/#primaryimage\"},\"thumbnailUrl\":\"https:\\\/\\\/www.emkap1926.com\\\/wp-content\\\/uploads\\\/2022\\\/06\\\/Emkap_kwadrat_1000x1000_7.png\",\"datePublished\":\"2025-04-01T16:54:24+00:00\",\"dateModified\":\"2026-08-12T16:36:17+00:00\",\"breadcrumb\":{\"@id\":\"https:\\\/\\\/www.emkap1926.com\\\/produkt\\\/koldra-puchowa-premium-na-lato-140x200-cm-100-puchu-gesiego-kolekcja-ewa-premium-heritage\\\/#breadcrumb\"},\"inLanguage\":\"en-UK\",\"potentialAction\":[{\"@type\":\"ReadAction\",\"target\":[\"https:\\\/\\\/www.emkap1926.com\\\/produkt\\\/koldra-puchowa-premium-na-lato-140x200-cm-100-puchu-gesiego-kolekcja-ewa-premium-heritage\\\/\"]}]},{\"@type\":\"ImageObject\",\"inLanguage\":\"en-UK\",\"@id\":\"https:\\\/\\\/www.emkap1926.com\\\/produkt\\\/koldra-puchowa-premium-na-lato-140x200-cm-100-puchu-gesiego-kolekcja-ewa-premium-heritage\\\/#primaryimage\",\"url\":\"https:\\\/\\\/www.emkap1926.com\\\/wp-content\\\/uploads\\\/2022\\\/06\\\/Emkap_kwadrat_1000x1000_7.png\",\"contentUrl\":\"https:\\\/\\\/www.emkap1926.com\\\/wp-content\\\/uploads\\\/2022\\\/06\\\/Emkap_kwadrat_1000x1000_7.png\",\"width\":1000,\"height\":1000},{\"@type\":\"BreadcrumbList\",\"@id\":\"https:\\\/\\\/www.emkap1926.com\\\/produkt\\\/koldra-puchowa-premium-na-lato-140x200-cm-100-puchu-gesiego-kolekcja-ewa-premium-heritage\\\/#breadcrumb\",\"itemListElement\":[{\"@type\":\"ListItem\",\"position\":1,\"name\":\"Strona g\u0142\u00f3wna\",\"item\":\"https:\\\/\\\/www.emkap1926.com\\\/\"},{\"@type\":\"ListItem\",\"position\":2,\"name\":\"Prywatne: Produkty test\",\"item\":\"https:\\\/\\\/www.emkap1926.com\\\/produkty-test\\\/\"},{\"@type\":\"ListItem\",\"position\":3,\"name\":\"Ko\u0142dra puchowa premium na lato 140x200 cm, 100% puchu g\u0119siego - KOLEKCJA \\\"EWA PREMIUM HERITAGE\\\"\"}]},{\"@type\":\"WebSite\",\"@id\":\"https:\\\/\\\/www.emkap1926.com\\\/#website\",\"url\":\"https:\\\/\\\/www.emkap1926.com\\\/\",\"name\":\"Emkap1926\",\"description\":\"Najlepsze r\u0119cznie szyte ko\u0142dry puchowe\",\"publisher\":{\"@id\":\"https:\\\/\\\/www.emkap1926.com\\\/#organization\"},\"potentialAction\":[{\"@type\":\"SearchAction\",\"target\":{\"@type\":\"EntryPoint\",\"urlTemplate\":\"https:\\\/\\\/www.emkap1926.com\\\/?s={search_term_string}\"},\"query-input\":{\"@type\":\"PropertyValueSpecification\",\"valueRequired\":true,\"valueName\":\"search_term_string\"}}],\"inLanguage\":\"en-UK\"},{\"@type\":\"Organization\",\"@id\":\"https:\\\/\\\/www.emkap1926.com\\\/#organization\",\"name\":\"Emkap1926\",\"url\":\"https:\\\/\\\/www.emkap1926.com\\\/\",\"logo\":{\"@type\":\"ImageObject\",\"inLanguage\":\"en-UK\",\"@id\":\"https:\\\/\\\/www.emkap1926.com\\\/#\\\/schema\\\/logo\\\/image\\\/\",\"url\":\"https:\\\/\\\/www.emkap1926.com\\\/wp-content\\\/uploads\\\/2022\\\/06\\\/logo-e1660324865374.jpg\",\"contentUrl\":\"https:\\\/\\\/www.emkap1926.com\\\/wp-content\\\/uploads\\\/2022\\\/06\\\/logo-e1660324865374.jpg\",\"width\":500,\"height\":328,\"caption\":\"Emkap1926\"},\"image\":{\"@id\":\"https:\\\/\\\/www.emkap1926.com\\\/#\\\/schema\\\/logo\\\/image\\\/\"},\"sameAs\":[\"https:\\\/\\\/www.facebook.com\\\/emkap1926\",\"https:\\\/\\\/www.instagram.com\\\/emkap1926\\\/\"]}]}<\/script>\n<!-- \/ Yoast SEO Premium plugin. -->","yoast_head_json":{"title":"Ko\u0142dra puchowa premium na lato 140x200 cm, 100% puchu g\u0119siego - KOLEKCJA \"EWA PREMIUM HERITAGE\" - Emkap1926","robots":{"index":"index","follow":"follow","max-snippet":"max-snippet:-1","max-image-preview":"max-image-preview:large","max-video-preview":"max-video-preview:-1"},"canonical":"https:\/\/www.emkap1926.com\/en\/product-2\/koldra-puchowa-premium-na-lato-140x200-cm-100-puchu-gesiego-kolekcja-ewa-premium-heritage\/?wmc-currency=GBP","og_locale":"en_US","og_type":"article","og_title":"Ko\u0142dra puchowa premium na lato 140x200 cm, 100% puchu g\u0119siego - KOLEKCJA \"EWA PREMIUM HERITAGE\"","og_description":"Od 100 lat szyjemy r\u0119cznie naturalne puchowe ko\u0142dry z najlepszego polskiego 100% puchu. Uszyte solidnie puchowe ko\u0142dry pos\u0142u\u017c\u0105 Ci ca\u0142e \u017cycie. Dla naszych klient\u00f3w oferujemy odp\u0142atn\u0105 us\u0142ug\u0119 regeneracji ko\u0142der po wielu latach u\u017cytkowania.","og_url":"https:\/\/www.emkap1926.com\/en\/product-2\/koldra-puchowa-premium-na-lato-140x200-cm-100-puchu-gesiego-kolekcja-ewa-premium-heritage\/?wmc-currency=GBP","og_site_name":"Emkap1926","article_publisher":"https:\/\/www.facebook.com\/emkap1926","article_modified_time":"2026-08-12T16:36:17+00:00","og_image":[{"width":1000,"height":1000,"url":"https:\/\/www.emkap1926.com\/wp-content\/uploads\/2022\/06\/Emkap_kwadrat_1000x1000_7.png","type":"image\/png"}],"twitter_card":"summary_large_image","twitter_misc":{"Est. reading time":"3 minutes"},"schema":{"@context":"https:\/\/schema.org","@graph":[{"@type":"WebPage","@id":"https:\/\/www.emkap1926.com\/produkt\/koldra-puchowa-premium-na-lato-140x200-cm-100-puchu-gesiego-kolekcja-ewa-premium-heritage\/","url":"https:\/\/www.emkap1926.com\/produkt\/koldra-puchowa-premium-na-lato-140x200-cm-100-puchu-gesiego-kolekcja-ewa-premium-heritage\/","name":"Ko\u0142dra puchowa premium na lato 140x200 cm, 100% puchu g\u0119siego - KOLEKCJA \"EWA PREMIUM HERITAGE\" - Emkap1926","isPartOf":{"@id":"https:\/\/www.emkap1926.com\/#website"},"primaryImageOfPage":{"@id":"https:\/\/www.emkap1926.com\/produkt\/koldra-puchowa-premium-na-lato-140x200-cm-100-puchu-gesiego-kolekcja-ewa-premium-heritage\/#primaryimage"},"image":{"@id":"https:\/\/www.emkap1926.com\/produkt\/koldra-puchowa-premium-na-lato-140x200-cm-100-puchu-gesiego-kolekcja-ewa-premium-heritage\/#primaryimage"},"thumbnailUrl":"https:\/\/www.emkap1926.com\/wp-content\/uploads\/2022\/06\/Emkap_kwadrat_1000x1000_7.png","datePublished":"2025-04-01T16:54:24+00:00","dateModified":"2026-08-12T16:36:17+00:00","breadcrumb":{"@id":"https:\/\/www.emkap1926.com\/produkt\/koldra-puchowa-premium-na-lato-140x200-cm-100-puchu-gesiego-kolekcja-ewa-premium-heritage\/#breadcrumb"},"inLanguage":"en-UK","potentialAction":[{"@type":"ReadAction","target":["https:\/\/www.emkap1926.com\/produkt\/koldra-puchowa-premium-na-lato-140x200-cm-100-puchu-gesiego-kolekcja-ewa-premium-heritage\/"]}]},{"@type":"ImageObject","inLanguage":"en-UK","@id":"https:\/\/www.emkap1926.com\/produkt\/koldra-puchowa-premium-na-lato-140x200-cm-100-puchu-gesiego-kolekcja-ewa-premium-heritage\/#primaryimage","url":"https:\/\/www.emkap1926.com\/wp-content\/uploads\/2022\/06\/Emkap_kwadrat_1000x1000_7.png","contentUrl":"https:\/\/www.emkap1926.com\/wp-content\/uploads\/2022\/06\/Emkap_kwadrat_1000x1000_7.png","width":1000,"height":1000},{"@type":"BreadcrumbList","@id":"https:\/\/www.emkap1926.com\/produkt\/koldra-puchowa-premium-na-lato-140x200-cm-100-puchu-gesiego-kolekcja-ewa-premium-heritage\/#breadcrumb","itemListElement":[{"@type":"ListItem","position":1,"name":"Strona g\u0142\u00f3wna","item":"https:\/\/www.emkap1926.com\/"},{"@type":"ListItem","position":2,"name":"Prywatne: Produkty test","item":"https:\/\/www.emkap1926.com\/produkty-test\/"},{"@type":"ListItem","position":3,"name":"Ko\u0142dra puchowa premium na lato 140x200 cm, 100% puchu g\u0119siego - KOLEKCJA \"EWA PREMIUM HERITAGE\""}]},{"@type":"WebSite","@id":"https:\/\/www.emkap1926.com\/#website","url":"https:\/\/www.emkap1926.com\/","name":"Emkap1926","description":"Najlepsze r\u0119cznie szyte ko\u0142dry puchowe","publisher":{"@id":"https:\/\/www.emkap1926.com\/#organization"},"potentialAction":[{"@type":"SearchAction","target":{"@type":"EntryPoint","urlTemplate":"https:\/\/www.emkap1926.com\/?s={search_term_string}"},"query-input":{"@type":"PropertyValueSpecification","valueRequired":true,"valueName":"search_term_string"}}],"inLanguage":"en-UK"},{"@type":"Organization","@id":"https:\/\/www.emkap1926.com\/#organization","name":"Emkap1926","url":"https:\/\/www.emkap1926.com\/","logo":{"@type":"ImageObject","inLanguage":"en-UK","@id":"https:\/\/www.emkap1926.com\/#\/schema\/logo\/image\/","url":"https:\/\/www.emkap1926.com\/wp-content\/uploads\/2022\/06\/logo-e1660324865374.jpg","contentUrl":"https:\/\/www.emkap1926.com\/wp-content\/uploads\/2022\/06\/logo-e1660324865374.jpg","width":500,"height":328,"caption":"Emkap1926"},"image":{"@id":"https:\/\/www.emkap1926.com\/#\/schema\/logo\/image\/"},"sameAs":["https:\/\/www.facebook.com\/emkap1926","https:\/\/www.instagram.com\/emkap1926\/"]}]}},"_links":{"self":[{"href":"https:\/\/www.emkap1926.com\/en\/wp-json\/wp\/v2\/product\/1637","targetHints":{"allow":["GET"]}}],"collection":[{"href":"https:\/\/www.emkap1926.com\/en\/wp-json\/wp\/v2\/product"}],"about":[{"href":"https:\/\/www.emkap1926.com\/en\/wp-json\/wp\/v2\/types\/product"}],"replies":[{"embeddable":true,"href":"https:\/\/www.emkap1926.com\/en\/wp-json\/wp\/v2\/comments?post=1637"}],"wp:attachment":[{"href":"https:\/\/www.emkap1926.com\/en\/wp-json\/wp\/v2\/media?parent=1637"}],"wp:term":[{"taxonomy":"product_brand","embeddable":true,"href":"https:\/\/www.emkap1926.com\/en\/wp-json\/wp\/v2\/product_brand?post=1637"},{"taxonomy":"product_cat","embeddable":true,"href":"https:\/\/www.emkap1926.com\/en\/wp-json\/wp\/v2\/product_cat?post=1637"},{"taxonomy":"product_tag","embeddable":true,"href":"https:\/\/www.emkap1926.com\/en\/wp-json\/wp\/v2\/product_tag?post=1637"}],"curies":[{"name":"wp","href":"https:\/\/api.w.org\/{rel}","templated":true}]}}