{"id":368,"date":"2022-07-04T08:21:04","date_gmt":"2022-07-04T08:21:04","guid":{"rendered":"https:\/\/www.emkap1926.com\/?post_type=product&#038;p=368"},"modified":"2024-10-03T14:04:16","modified_gmt":"2024-10-03T12:04:16","slug":"welniano-kaszmirowy-pled-z-niemieckiej-manufaktury-biederlack","status":"publish","type":"product","link":"https:\/\/www.emkap1926.com\/eu\/product-2\/welniano-kaszmirowy-pled-z-niemieckiej-manufaktury-biederlack\/","title":{"rendered":"A woollen plaid from German manufactory Biederlack"},"content":{"rendered":"<p><strong>A woollen plaid \/ blanket of the highest quality, 100% wool<\/strong>. Extremely warm while remaining very pleasant to the touch. It\u2019s an investment for many\nyears to come.<br \/>\nThis wool and cashmere plaid is finished with classic fringes to give it a touch of class. We have\ncarefully selected soft shades of beige, grey, and terracotta for our shop, meaning the plaid you\u2019re\nlooking at is a suitable fit for any interior. It will work as a bedspread on a snow-white duvet in the\nbedroom. And during the cold season, it will be an absolutely perfect choice when you\u2019re looking\nfor something to wrap yourself in when in front of the fireplace or watching a good movie.<\/p>\n<p>All Biederlack plaids are OEKO-TEX STANDARD 100, OEKO-TEX STEP BY, and OEKO-TEX MADE IN GREEN certified. They are safe to use and free of toxic substances. All plaids are manufactured with respect for workers\u2019 rights, the environment, and the principles of sustainable development.<\/p>\n<p><strong>Order fulfilment time: <\/strong>For our customers, we select high-quality products from family-run\nmanufactures, both Polish and European. We always ensure that the\naccessories in our assortment are <strong>available for dispatch within a\nmaximum of 48 hours<\/strong>. You will never find products with long waiting\ntimes of several weeks in our range.<\/p>","protected":false},"excerpt":{"rendered":"<p>This wool and cashmere plaid is finished with classic fringes to give it a touch of class. We have\ncarefully selected soft shades of beige, grey, and terracotta for our shop, meaning the plaid you\u2019re\nlooking at is a suitable fit for any interior. It will work as a bedspread on a snow-white duvet in the\nbedroom. And during the cold season, it will be an absolutely perfect choice when you\u2019re looking\nfor something to wrap yourself in when in front of the fireplace or watching a good movie.<\/p>","protected":false},"featured_media":444,"comment_status":"open","ping_status":"closed","template":"","meta":{"_acf_changed":false,"_members_access_role":[],"_members_access_error":""},"product_brand":[],"product_cat":[59,51],"product_tag":[],"class_list":["post-368","product","type-product","status-publish","has-post-thumbnail","product_cat-akcesoria","product_cat-koce_pledy","first","instock","shipping-taxable","purchasable","product-type-variable","has-default-attributes"],"acf":[],"yoast_head":"<!-- This site is optimized with the Yoast SEO Premium plugin v18.2.1 (Yoast SEO v28.1) - https:\/\/yoast.com\/product\/yoast-seo-premium-wordpress\/ -->\n<title>We\u0142niany pled z niemieckiej manufaktury Biederlack - Emkap1926<\/title>\n<meta name=\"robots\" content=\"index, follow, max-snippet:-1, max-image-preview:large, max-video-preview:-1\" \/>\n<link rel=\"canonical\" href=\"https:\/\/www.emkap1926.com\/eu\/product-2\/welniano-kaszmirowy-pled-z-niemieckiej-manufaktury-biederlack\/?wmc-currency=EUR\" \/>\n<meta property=\"og:locale\" content=\"en_GB\" \/>\n<meta property=\"og:type\" content=\"article\" \/>\n<meta property=\"og:title\" content=\"We\u0142niany pled z niemieckiej manufaktury Biederlack\" \/>\n<meta property=\"og:description\" content=\"Doskona\u0142ej jako\u015bci we\u0142niany pled 100% we\u0142ny. Wyj\u0105tkowo ciep\u0142y a jednocze\u015bnie bardzo mi\u0142y i przyjemny w dotyku. Nie &quot;gryzie&quot; i nie kulkuje si\u0119. To inwestycja na wiele lat. We\u0142niany pled jest elegancko wyko\u0144czony klasycznymi fr\u0119dzlami. Do naszego sklepu wybrali\u015bmy dla Was klasyczne, stonowane odcienie be\u017cu, szaro\u015bci i terakoty. Pled b\u0119dzie wygl\u0105da\u0142 dobrze w ka\u017cdym wn\u0119trzu. W [&hellip;]\" \/>\n<meta property=\"og:url\" content=\"https:\/\/www.emkap1926.com\/eu\/product-2\/welniano-kaszmirowy-pled-z-niemieckiej-manufaktury-biederlack\/?wmc-currency=EUR\" \/>\n<meta property=\"og:site_name\" content=\"Emkap1926\" \/>\n<meta property=\"article:publisher\" content=\"https:\/\/www.facebook.com\/emkap1926\" \/>\n<meta property=\"article:modified_time\" content=\"2024-10-03T12:04:16+00:00\" \/>\n<meta property=\"og:image\" content=\"https:\/\/www.emkap1926.com\/wp-content\/uploads\/2022\/07\/emkap-20.jpg\" \/>\n\t<meta property=\"og:image:width\" content=\"1600\" \/>\n\t<meta property=\"og:image:height\" content=\"2000\" \/>\n\t<meta property=\"og:image:type\" content=\"image\/jpeg\" \/>\n<meta name=\"twitter:card\" content=\"summary_large_image\" \/>\n<meta name=\"twitter:label1\" content=\"Estimated reading time\" \/>\n\t<meta name=\"twitter:data1\" content=\"1 minute\" \/>\n<script type=\"application\/ld+json\" class=\"yoast-schema-graph\">{\"@context\":\"https:\\\/\\\/schema.org\",\"@graph\":[{\"@type\":\"WebPage\",\"@id\":\"https:\\\/\\\/www.emkap1926.com\\\/produkt\\\/welniano-kaszmirowy-pled-z-niemieckiej-manufaktury-biederlack\\\/\",\"url\":\"https:\\\/\\\/www.emkap1926.com\\\/produkt\\\/welniano-kaszmirowy-pled-z-niemieckiej-manufaktury-biederlack\\\/\",\"name\":\"We\u0142niany pled z niemieckiej manufaktury Biederlack - Emkap1926\",\"isPartOf\":{\"@id\":\"https:\\\/\\\/www.emkap1926.com\\\/#website\"},\"primaryImageOfPage\":{\"@id\":\"https:\\\/\\\/www.emkap1926.com\\\/produkt\\\/welniano-kaszmirowy-pled-z-niemieckiej-manufaktury-biederlack\\\/#primaryimage\"},\"image\":{\"@id\":\"https:\\\/\\\/www.emkap1926.com\\\/produkt\\\/welniano-kaszmirowy-pled-z-niemieckiej-manufaktury-biederlack\\\/#primaryimage\"},\"thumbnailUrl\":\"https:\\\/\\\/www.emkap1926.com\\\/wp-content\\\/uploads\\\/2022\\\/07\\\/emkap-20.jpg\",\"datePublished\":\"2022-07-04T08:21:04+00:00\",\"dateModified\":\"2024-10-03T12:04:16+00:00\",\"breadcrumb\":{\"@id\":\"https:\\\/\\\/www.emkap1926.com\\\/produkt\\\/welniano-kaszmirowy-pled-z-niemieckiej-manufaktury-biederlack\\\/#breadcrumb\"},\"inLanguage\":\"en-GB\",\"potentialAction\":[{\"@type\":\"ReadAction\",\"target\":[\"https:\\\/\\\/www.emkap1926.com\\\/produkt\\\/welniano-kaszmirowy-pled-z-niemieckiej-manufaktury-biederlack\\\/\"]}]},{\"@type\":\"ImageObject\",\"inLanguage\":\"en-GB\",\"@id\":\"https:\\\/\\\/www.emkap1926.com\\\/produkt\\\/welniano-kaszmirowy-pled-z-niemieckiej-manufaktury-biederlack\\\/#primaryimage\",\"url\":\"https:\\\/\\\/www.emkap1926.com\\\/wp-content\\\/uploads\\\/2022\\\/07\\\/emkap-20.jpg\",\"contentUrl\":\"https:\\\/\\\/www.emkap1926.com\\\/wp-content\\\/uploads\\\/2022\\\/07\\\/emkap-20.jpg\",\"width\":1600,\"height\":2000},{\"@type\":\"BreadcrumbList\",\"@id\":\"https:\\\/\\\/www.emkap1926.com\\\/produkt\\\/welniano-kaszmirowy-pled-z-niemieckiej-manufaktury-biederlack\\\/#breadcrumb\",\"itemListElement\":[{\"@type\":\"ListItem\",\"position\":1,\"name\":\"Strona g\u0142\u00f3wna\",\"item\":\"https:\\\/\\\/www.emkap1926.com\\\/\"},{\"@type\":\"ListItem\",\"position\":2,\"name\":\"Prywatne: Produkty test\",\"item\":\"https:\\\/\\\/www.emkap1926.com\\\/produkty-test\\\/\"},{\"@type\":\"ListItem\",\"position\":3,\"name\":\"We\u0142niany pled z niemieckiej manufaktury Biederlack\"}]},{\"@type\":\"WebSite\",\"@id\":\"https:\\\/\\\/www.emkap1926.com\\\/#website\",\"url\":\"https:\\\/\\\/www.emkap1926.com\\\/\",\"name\":\"Emkap1926\",\"description\":\"Najlepsze r\u0119cznie szyte ko\u0142dry puchowe\",\"publisher\":{\"@id\":\"https:\\\/\\\/www.emkap1926.com\\\/#organization\"},\"potentialAction\":[{\"@type\":\"SearchAction\",\"target\":{\"@type\":\"EntryPoint\",\"urlTemplate\":\"https:\\\/\\\/www.emkap1926.com\\\/?s={search_term_string}\"},\"query-input\":{\"@type\":\"PropertyValueSpecification\",\"valueRequired\":true,\"valueName\":\"search_term_string\"}}],\"inLanguage\":\"en-GB\"},{\"@type\":\"Organization\",\"@id\":\"https:\\\/\\\/www.emkap1926.com\\\/#organization\",\"name\":\"Emkap1926\",\"url\":\"https:\\\/\\\/www.emkap1926.com\\\/\",\"logo\":{\"@type\":\"ImageObject\",\"inLanguage\":\"en-GB\",\"@id\":\"https:\\\/\\\/www.emkap1926.com\\\/#\\\/schema\\\/logo\\\/image\\\/\",\"url\":\"https:\\\/\\\/www.emkap1926.com\\\/wp-content\\\/uploads\\\/2022\\\/06\\\/logo-e1660324865374.jpg\",\"contentUrl\":\"https:\\\/\\\/www.emkap1926.com\\\/wp-content\\\/uploads\\\/2022\\\/06\\\/logo-e1660324865374.jpg\",\"width\":500,\"height\":328,\"caption\":\"Emkap1926\"},\"image\":{\"@id\":\"https:\\\/\\\/www.emkap1926.com\\\/#\\\/schema\\\/logo\\\/image\\\/\"},\"sameAs\":[\"https:\\\/\\\/www.facebook.com\\\/emkap1926\",\"https:\\\/\\\/www.instagram.com\\\/emkap1926\\\/\"]}]}<\/script>\n<!-- \/ Yoast SEO Premium plugin. -->","yoast_head_json":{"title":"We\u0142niany pled z niemieckiej manufaktury Biederlack - Emkap1926","robots":{"index":"index","follow":"follow","max-snippet":"max-snippet:-1","max-image-preview":"max-image-preview:large","max-video-preview":"max-video-preview:-1"},"canonical":"https:\/\/www.emkap1926.com\/eu\/product-2\/welniano-kaszmirowy-pled-z-niemieckiej-manufaktury-biederlack\/?wmc-currency=EUR","og_locale":"en_GB","og_type":"article","og_title":"We\u0142niany pled z niemieckiej manufaktury Biederlack","og_description":"Doskona\u0142ej jako\u015bci we\u0142niany pled 100% we\u0142ny. Wyj\u0105tkowo ciep\u0142y a jednocze\u015bnie bardzo mi\u0142y i przyjemny w dotyku. Nie \"gryzie\" i nie kulkuje si\u0119. To inwestycja na wiele lat. We\u0142niany pled jest elegancko wyko\u0144czony klasycznymi fr\u0119dzlami. Do naszego sklepu wybrali\u015bmy dla Was klasyczne, stonowane odcienie be\u017cu, szaro\u015bci i terakoty. Pled b\u0119dzie wygl\u0105da\u0142 dobrze w ka\u017cdym wn\u0119trzu. W [&hellip;]","og_url":"https:\/\/www.emkap1926.com\/eu\/product-2\/welniano-kaszmirowy-pled-z-niemieckiej-manufaktury-biederlack\/?wmc-currency=EUR","og_site_name":"Emkap1926","article_publisher":"https:\/\/www.facebook.com\/emkap1926","article_modified_time":"2024-10-03T12:04:16+00:00","og_image":[{"width":1600,"height":2000,"url":"https:\/\/www.emkap1926.com\/wp-content\/uploads\/2022\/07\/emkap-20.jpg","type":"image\/jpeg"}],"twitter_card":"summary_large_image","twitter_misc":{"Estimated reading time":"1 minute"},"schema":{"@context":"https:\/\/schema.org","@graph":[{"@type":"WebPage","@id":"https:\/\/www.emkap1926.com\/produkt\/welniano-kaszmirowy-pled-z-niemieckiej-manufaktury-biederlack\/","url":"https:\/\/www.emkap1926.com\/produkt\/welniano-kaszmirowy-pled-z-niemieckiej-manufaktury-biederlack\/","name":"We\u0142niany pled z niemieckiej manufaktury Biederlack - Emkap1926","isPartOf":{"@id":"https:\/\/www.emkap1926.com\/#website"},"primaryImageOfPage":{"@id":"https:\/\/www.emkap1926.com\/produkt\/welniano-kaszmirowy-pled-z-niemieckiej-manufaktury-biederlack\/#primaryimage"},"image":{"@id":"https:\/\/www.emkap1926.com\/produkt\/welniano-kaszmirowy-pled-z-niemieckiej-manufaktury-biederlack\/#primaryimage"},"thumbnailUrl":"https:\/\/www.emkap1926.com\/wp-content\/uploads\/2022\/07\/emkap-20.jpg","datePublished":"2022-07-04T08:21:04+00:00","dateModified":"2024-10-03T12:04:16+00:00","breadcrumb":{"@id":"https:\/\/www.emkap1926.com\/produkt\/welniano-kaszmirowy-pled-z-niemieckiej-manufaktury-biederlack\/#breadcrumb"},"inLanguage":"en-GB","potentialAction":[{"@type":"ReadAction","target":["https:\/\/www.emkap1926.com\/produkt\/welniano-kaszmirowy-pled-z-niemieckiej-manufaktury-biederlack\/"]}]},{"@type":"ImageObject","inLanguage":"en-GB","@id":"https:\/\/www.emkap1926.com\/produkt\/welniano-kaszmirowy-pled-z-niemieckiej-manufaktury-biederlack\/#primaryimage","url":"https:\/\/www.emkap1926.com\/wp-content\/uploads\/2022\/07\/emkap-20.jpg","contentUrl":"https:\/\/www.emkap1926.com\/wp-content\/uploads\/2022\/07\/emkap-20.jpg","width":1600,"height":2000},{"@type":"BreadcrumbList","@id":"https:\/\/www.emkap1926.com\/produkt\/welniano-kaszmirowy-pled-z-niemieckiej-manufaktury-biederlack\/#breadcrumb","itemListElement":[{"@type":"ListItem","position":1,"name":"Strona g\u0142\u00f3wna","item":"https:\/\/www.emkap1926.com\/"},{"@type":"ListItem","position":2,"name":"Prywatne: Produkty test","item":"https:\/\/www.emkap1926.com\/produkty-test\/"},{"@type":"ListItem","position":3,"name":"We\u0142niany pled z niemieckiej manufaktury Biederlack"}]},{"@type":"WebSite","@id":"https:\/\/www.emkap1926.com\/#website","url":"https:\/\/www.emkap1926.com\/","name":"Emkap1926","description":"Najlepsze r\u0119cznie szyte ko\u0142dry puchowe","publisher":{"@id":"https:\/\/www.emkap1926.com\/#organization"},"potentialAction":[{"@type":"SearchAction","target":{"@type":"EntryPoint","urlTemplate":"https:\/\/www.emkap1926.com\/?s={search_term_string}"},"query-input":{"@type":"PropertyValueSpecification","valueRequired":true,"valueName":"search_term_string"}}],"inLanguage":"en-GB"},{"@type":"Organization","@id":"https:\/\/www.emkap1926.com\/#organization","name":"Emkap1926","url":"https:\/\/www.emkap1926.com\/","logo":{"@type":"ImageObject","inLanguage":"en-GB","@id":"https:\/\/www.emkap1926.com\/#\/schema\/logo\/image\/","url":"https:\/\/www.emkap1926.com\/wp-content\/uploads\/2022\/06\/logo-e1660324865374.jpg","contentUrl":"https:\/\/www.emkap1926.com\/wp-content\/uploads\/2022\/06\/logo-e1660324865374.jpg","width":500,"height":328,"caption":"Emkap1926"},"image":{"@id":"https:\/\/www.emkap1926.com\/#\/schema\/logo\/image\/"},"sameAs":["https:\/\/www.facebook.com\/emkap1926","https:\/\/www.instagram.com\/emkap1926\/"]}]}},"_links":{"self":[{"href":"https:\/\/www.emkap1926.com\/eu\/wp-json\/wp\/v2\/product\/368","targetHints":{"allow":["GET"]}}],"collection":[{"href":"https:\/\/www.emkap1926.com\/eu\/wp-json\/wp\/v2\/product"}],"about":[{"href":"https:\/\/www.emkap1926.com\/eu\/wp-json\/wp\/v2\/types\/product"}],"replies":[{"embeddable":true,"href":"https:\/\/www.emkap1926.com\/eu\/wp-json\/wp\/v2\/comments?post=368"}],"wp:featuredmedia":[{"embeddable":true,"href":"https:\/\/www.emkap1926.com\/eu\/wp-json\/wp\/v2\/media\/444"}],"wp:attachment":[{"href":"https:\/\/www.emkap1926.com\/eu\/wp-json\/wp\/v2\/media?parent=368"}],"wp:term":[{"taxonomy":"product_brand","embeddable":true,"href":"https:\/\/www.emkap1926.com\/eu\/wp-json\/wp\/v2\/product_brand?post=368"},{"taxonomy":"product_cat","embeddable":true,"href":"https:\/\/www.emkap1926.com\/eu\/wp-json\/wp\/v2\/product_cat?post=368"},{"taxonomy":"product_tag","embeddable":true,"href":"https:\/\/www.emkap1926.com\/eu\/wp-json\/wp\/v2\/product_tag?post=368"}],"curies":[{"name":"wp","href":"https:\/\/api.w.org\/{rel}","templated":true}]}}